{"id":1177,"date":"2022-07-21T10:55:09","date_gmt":"2022-07-21T09:55:09","guid":{"rendered":"https:\/\/amlegal.rethinkdigital.io\/?page_id=1177"},"modified":"2023-01-12T10:15:18","modified_gmt":"2023-01-12T09:15:18","slug":"datenschutzhinweise","status":"publish","type":"page","link":"https:\/\/www.activemind.legal\/de\/kanzlei\/datenschutzhinweise\/","title":{"rendered":"Datenschutzhinweise"},"content":{"rendered":"\t\t<div data-elementor-type=\"wp-page\" data-elementor-id=\"1177\" class=\"elementor elementor-1177 elementor-1175\" data-elementor-post-type=\"page\">\n\t\t\t\t\t\t<section class=\"elementor-section elementor-top-section elementor-element elementor-element-002a0a9 elementor-section-boxed elementor-section-height-default elementor-section-height-default\" data-id=\"002a0a9\" data-element_type=\"section\">\n\t\t\t\t\t\t<div class=\"elementor-container elementor-column-gap-default\">\n\t\t\t\t\t<div class=\"elementor-column elementor-col-100 elementor-top-column elementor-element elementor-element-f1b4aaa\" data-id=\"f1b4aaa\" data-element_type=\"column\">\n\t\t\t<div class=\"elementor-widget-wrap\">\n\t\t\t\t\t\t\t<\/div>\n\t\t<\/div>\n\t\t\t\t\t<\/div>\n\t\t<\/section>\n\t\t\t\t<section class=\"elementor-section elementor-top-section elementor-element elementor-element-51ef7b16 elementor-section-content-top elementor-section-boxed elementor-section-height-default elementor-section-height-default\" data-id=\"51ef7b16\" data-element_type=\"section\" data-settings=\"{&quot;background_background&quot;:&quot;gradient&quot;,&quot;shape_divider_bottom&quot;:&quot;waves&quot;}\">\n\t\t\t\t\t\t\t<div class=\"elementor-background-overlay\"><\/div>\n\t\t\t\t\t\t<div class=\"elementor-shape elementor-shape-bottom\" aria-hidden=\"true\" data-negative=\"false\">\n\t\t\t<svg xmlns=\"http:\/\/www.w3.org\/2000\/svg\" viewBox=\"0 0 1000 100\" preserveAspectRatio=\"none\">\n\t<path class=\"elementor-shape-fill\" d=\"M421.9,6.5c22.6-2.5,51.5,0.4,75.5,5.3c23.6,4.9,70.9,23.5,100.5,35.7c75.8,32.2,133.7,44.5,192.6,49.7\n\tc23.6,2.1,48.7,3.5,103.4-2.5c54.7-6,106.2-25.6,106.2-25.6V0H0v30.3c0,0,72,32.6,158.4,30.5c39.2-0.7,92.8-6.7,134-22.4\n\tc21.2-8.1,52.2-18.2,79.7-24.2C399.3,7.9,411.6,7.5,421.9,6.5z\"\/>\n<\/svg>\t\t<\/div>\n\t\t\t\t\t<div class=\"elementor-container elementor-column-gap-extended\">\n\t\t\t\t\t<div class=\"elementor-column elementor-col-100 elementor-top-column elementor-element elementor-element-67ba3f94\" data-id=\"67ba3f94\" data-element_type=\"column\">\n\t\t\t<div class=\"elementor-widget-wrap elementor-element-populated\">\n\t\t\t\t\t\t<div class=\"elementor-element elementor-element-10faecf3 elementor-widget__width-auto headline-underline elementor-widget elementor-widget-heading\" data-id=\"10faecf3\" data-element_type=\"widget\" data-widget_type=\"heading.default\">\n\t\t\t\t<div class=\"elementor-widget-container\">\n\t\t\t\t\t<h1 class=\"elementor-heading-title elementor-size-default\">Datenschutzhinweise<\/h1>\t\t\t\t<\/div>\n\t\t\t\t<\/div>\n\t\t\t\t<section class=\"elementor-section elementor-inner-section elementor-element elementor-element-1400d14f elementor-section-boxed elementor-section-height-default elementor-section-height-default\" data-id=\"1400d14f\" data-element_type=\"section\">\n\t\t\t\t\t\t<div class=\"elementor-container elementor-column-gap-no\">\n\t\t\t\t\t<div class=\"elementor-column elementor-col-100 elementor-inner-column elementor-element elementor-element-7e72b222\" data-id=\"7e72b222\" data-element_type=\"column\">\n\t\t\t<div class=\"elementor-widget-wrap elementor-element-populated\">\n\t\t\t\t\t\t<div class=\"elementor-element elementor-element-351f8461 elementor-widget elementor-widget-breadcrumbs\" data-id=\"351f8461\" data-element_type=\"widget\" data-widget_type=\"breadcrumbs.default\">\n\t\t\t\t<div class=\"elementor-widget-container\">\n\t\t\t\t\t<p id=\"breadcrumbs\"><span><span><a href=\"https:\/\/www.activemind.legal\/de\/\">Home<\/a><\/span><\/span><\/p>\t\t\t\t<\/div>\n\t\t\t\t<\/div>\n\t\t\t\t\t<\/div>\n\t\t<\/div>\n\t\t\t\t\t<\/div>\n\t\t<\/section>\n\t\t\t\t\t<\/div>\n\t\t<\/div>\n\t\t\t\t\t<\/div>\n\t\t<\/section>\n\t\t\t\t<section class=\"elementor-section elementor-top-section elementor-element elementor-element-9560923 elementor-section-boxed elementor-section-height-default elementor-section-height-default\" data-id=\"9560923\" data-element_type=\"section\">\n\t\t\t\t\t\t<div class=\"elementor-container elementor-column-gap-default\">\n\t\t\t\t\t<div class=\"elementor-column elementor-col-100 elementor-top-column elementor-element elementor-element-b0c301f\" data-id=\"b0c301f\" data-element_type=\"column\">\n\t\t\t<div class=\"elementor-widget-wrap elementor-element-populated\">\n\t\t\t\t\t\t<div class=\"elementor-element elementor-element-0e133da elementor-widget elementor-widget-html\" data-id=\"0e133da\" data-element_type=\"widget\" data-widget_type=\"html.default\">\n\t\t\t\t<div class=\"elementor-widget-container\">\n\t\t\t\t\t<div id=\"content-169f0ac03b3123\" class=\"klara-content  \"><div class=\"amag amcloud amlegal amjobs amacademy amacademyapp amch\">\n\t<style type=\"text\/css\">\n\t\tp, h1, h2, h3, h4, h5 {\n\t\t\tmargin:17.5px;\n\t\t}\n\t\t\t.breaker {\n\t\t\t\tclear:both;\n\t\t\t\tpadding-top: 30px;\n\t\t\t}\n\t\t@media (min-width: 768px){\n\t\t\t.left{\n\t\t\t\tfloat: left;\n\t\t\t\twidth: 33.33333333%;\n\t\t\t}\n\t\t\t.right{\n\t\t\t\tfloat: right;\n\t\t\t\twidth:66.66666667%;\n\t\t\t}\n\t\t\t\/* Elementor: Offset f\u00fcr die Anchorlinks wegen sticky Submen\u00fc *\/\n\t\t\t.elementor-menu-anchor {\n\t\t\t\tmargin-top: -70px;\n\t\t\t\tpadding-top: 70px;\n\t\t\t}\n\t\t}\n\t<\/style>\n<\/div><div class=\"amlegal\">\n\t<p class=\"klara-big-intro\">\n\t\tDie activeMind.legal Rechtsanwaltsgesellschaft mbH betreibt eine Internetseite mit allgemeinen Informationen sowie mit interaktivem Bereich zum Download von Vorlagen und Checklisten. Die activeMind.legal Rechtsanwaltsgesellschaft mbH misst dem Schutz der Privatsph\u00e4re hohe Bedeutung bei und beachtet die gesetzlichen Datenschutzbestimmungen. Im Folgenden erkl\u00e4ren wir Ihnen, wie wir mit Ihren pers\u00f6nlichen Daten umgehen.\n\t<\/p>\n<\/div><div id=\"verantwortlicher\" class=\"elementor-menu-anchor amag amcloud amlegal amjobs amacademy amacademyapp amch\"><h2>1. Wer ist der Verantwortliche?<\/h2><\/div><div class=\"left amag amcloud amlegal amjobs amacademy amacademyapp amch\"><h4>Verantwortliche im Sinne des Datenschutzrechts ist:<\/h4><\/div><div class=\"right amlegal amch\">\n\t\t<p>activeMind.legal Rechtsanwaltsgesellschaft mbH<br>\n\t\tPotsdamer Stra\u00dfe 3<br>\n\t\t80802 M\u00fcnchen<br>\n\t\t<br>\n\t\tTelefon: +49 (0)89 \/ 91 92 94 \u2013 900<br>\n\t\tE-Mail: anfrage@activemind.legal<\/p>\n\t\t<\/div><div class=\"breaker amag amcloud amlegal amjobs amacademy amacademyapp amch\"><hr><\/div><div class=\"left amag amcloud amlegal amjobs amacademy amacademyapp\"><h4>Als Datenschutzbeauftragten haben wir bestellt: <\/h4><\/div><div class=\"right amlegal\">\n\t\t<p>Datenschutzbeauftragter der activeMind.legal Rechtsanwaltsgesellschaft mbH<br>\n\t\tPotsdamer Stra\u00dfe 3<br>\n\t\t80802 M\u00fcnchen <br><br>\n\t\tTelefon: +49 (0)89 \/ 91 92 94 - 900<br>\n\t\tE-Mail:  privacy@activemind.legal<\/p>\n\t\t<\/div><div class=\"breaker amag amcloud amlegal amjobs amacademy amacademyapp\"><hr><\/div><div class=\"amag amcloud amlegal amjobs amacademy amacademyapp amch\"><h2>2. Welche Verarbeitungst\u00e4tigkeiten werden vorgenommen?<\/h2><\/div><div class=\"amag amlegal\"><h3>Newsletterversand<\/h3><\/div><div class=\"left amag amlegal\"><h4>Zweck und Rechtsgrundlage<\/h4><\/div><div class=\"right amag amlegal\">\n<p>Ihre Daten werden ausschlie\u00dflich dazu verwendet, Ihnen den abonnierten Newsletter per E-Mail zuzustellen und, soweit Sie hierin zus\u00e4tzlich eingewilligt haben, auszuwerten, wie Sie den Newsletter und ggf. darin verlinkte Inhalte nutzen. Die Angabe Ihres Namens erfolgt, um Sie im Newsletter pers\u00f6nlich ansprechen zu k\u00f6nnen und ggf. zu identifizieren, falls Sie von Ihren Rechten als Betroffener Gebrauch machen wollen.<\/p>\n<p>Um zu \u00fcberpr\u00fcfen, dass eine Anmeldung tats\u00e4chlich durch den Inhaber einer E-Mail-Adresse erfolgt, setzen wir bei einer Online-Anmeldung das \u201eDouble-Opt-in\u201c-Verfahren (DOI-Verfahren) ein. Dies bedeutet, dass sie im Anschluss an Ihrer Newsletter-Anmeldung eine E-Mail erhalten, in der Sie Ihre Newsletter-Anmeldung erneut best\u00e4tigen m\u00fcssen.<\/p>\n<p>Zum Zeitpunkt der DOI-Best\u00e4tigung werden zudem folgende Daten gespeichert: <\/p>\n\t<ul>\n\t<li>Ort, Datum und Uhrzeit der Anmeldung<\/li>\n\t<li>IP-Adresse<\/li>\n\t<li>E-Mail-Adresse<\/li>\n\t<li>Ggfs. Anrede, Vorname, Nachname<\/li>\n\t<\/ul>\n\t<p>Rechtsgrundlage f\u00fcr diese Verarbeitungen ist jeweils Ihre Einwilligung, Art. 6 Abs. 1 lit. a DSGVO (EU-Datenschutz-Grundverordnung).<\/p>\n\t<\/div><div class=\"breaker amag amlegal\"><hr><\/div><div class=\"left amag amlegal\"><h4>Empf\u00e4nger der Daten<\/h4><\/div><div class=\"right amag amlegal\">\n<p>Wir setzen f\u00fcr den Versand und ggf. erfolgende Auswertungen Dienstleister ein, die als unsere Auftragsverarbeiter t\u00e4tig werden.<\/p>\n\t<p>S\u00e4mtliche Dienstleister sind vertraglich dazu verpflichtet, Ihre Daten vertraulich zu behandeln.<\/p>\n<\/div><div class=\"breaker amag amlegal\"><hr><\/div><div class=\"left amag amlegal\"><h4> Speicherdauer<\/h4><\/div><div class=\"right amag amlegal\">\n<p>Daten werden in diesem Zusammenhang nur verarbeitet, solange die entsprechende Einwilligung vorliegt.<\/p>\n<\/div><div class=\"breaker amag amlegal\"><hr><\/div><div class=\"left amag amlegal\"><h4>Bereitstellung vorgeschrieben oder erforderlich<\/h4><\/div><div class=\"right amag amlegal\">\n<p>Die Bereitstellung Ihrer personenbezogenen Daten erfolgt freiwillig, allein auf Basis Ihrer Einwilligung. Es entstehen Ihnen keine Nachteile. Ohne bestehende Einwilligung k\u00f6nnen wir Ihnen unseren Newsletter leider nicht zusenden.<\/p>\n<\/div><div class=\"breaker amag amlegal\"><hr><\/div><div class=\"left amag amlegal\"><h4>Widerruf der Einwilligung<\/h4><\/div><div class=\"right amag amlegal\">\n<p>Die Einwilligung zur Speicherung Ihrer pers\u00f6nlichen Daten und ihrer Nutzung f\u00fcr den Newsletterversand durch activeMind k\u00f6nnen Sie jederzeit widerrufen. In jedem Newsletter findet sich dazu ein entsprechender Link. Au\u00dferdem kann der Widerruf \u00fcber die auf der Website angegebenen weiteren Kontaktm\u00f6glichkeiten erfolgen.<\/p>\n<\/div><div class=\"breaker amag amlegal\"><hr><\/div><div class=\"left amag amlegal\"><h4>Profiling<\/h4><\/div><div class=\"right amag amlegal\">\n<p>Sofern Sie uns Ihre Einwilligung erteilt haben, bewerten wir Ihre Nutzung der versandten Newsletter und werten die sich daran anschlie\u00dfende Besuche unseres Webauftritts aus, um den Newsletter und das Webangebot weiter zu verbessern und den tats\u00e4chlichen Interessen der Besucher entsprechend zu optimieren.<\/p>\n<\/div><div class=\"breaker amag amlegal\"><hr><\/div><div id=\"kontakt\" class=\"elementor-menu-anchor amag amcloud amlegal amacademy amacademyapp amch\"><h3>Kontaktaufnahme<\/h3><\/div><div class=\"left amag amcloud amlegal amacademy amacademyapp amjobs amch\"><h4>Zweck, Rechtsgrundlage und berechtigtes Interesse<\/h4><\/div><div class=\"right amag amcloud amlegal amacademy amacademyapp\">\n<p>Auf unserer Website ist ein Kontaktformular vorhanden, welches f\u00fcr die elektronische Kontaktaufnahme genutzt werden kann. Nimmt ein Nutzer diese M\u00f6glichkeit wahr, so werden die in der Eingabemaske eingegeben Daten an uns \u00fcbermittelt und gespeichert.<\/p> \n<p>Zum Zeitpunkt der Absendung der Nachricht werden zudem folgende Daten gespeichert: <\/p>\n<ul>\n\t\t<li>Datum und Uhrzeit der Anfrage <\/li>\n\t\t<li>URL, von der die Anfrage erfolgte<\/li>\n\t\t<li>IP-Adresse, von der die Anfrage erfolgte<\/li>\n\t\t<li>Verwendeter Webbrowser und Betriebssystem<\/li>\n<\/ul>\n<p>Alternativ ist eine Kontaktaufnahme \u00fcber die bereitgestellten E-Mail-Adressen m\u00f6glich. In diesem Fall werden die mit der E-Mail \u00fcbermittelten personenbezogenen Daten des Nutzers gespeichert. Hierzu z\u00e4hlen Datum und Uhrzeit des E-Mailversands, E-Mailadresse, IP-Adressen sowie Informationen zu den an der E-Mail-Kommunikation beteiligten Servern.<\/p> \n<p>Zudem k\u00f6nnen Sie \u00fcber die bereitgestellte Telefonnummer Kontakt zu uns aufnehmen. Hierbei erheben wir Protokolldaten, die Ihre Telefonnummer und die Dauer des Gespr\u00e4chs beinhalten. Wir zeichnen Gespr\u00e4che grunds\u00e4tzlich nicht auf. <\/p>\n<p>Unabh\u00e4ngig von der gew\u00e4hlten Kommunikationsart erheben wir den Inhalt Ihrer Anfrage. Ihre Daten werden zum Zweck der individuellen Kommunikation mit Ihnen gespeichert. <\/p>\n<p>Die Verarbeitung der in das Kontaktformular eingegebenen Daten erfolgt auf der Grundlage eines berechtigten Interesses (Art. 6 Abs. 1 lit f DS-GVO).<\/p>\n<p>Unser berechtigtes Interesse an der Verarbeitung Ihrer Daten ist die Erm\u00f6glichung einer unkomplizierten Kontaktaufnahme. <\/p>\n<p>Sofern Sie mit uns Kontakt aufnehmen, um ein Angebot zu erfragen, erfolgt die Verarbeitung der in das Kontaktformular eingegebenen Daten zur Durchf\u00fchrung vorvertraglicher Ma\u00dfnahmen (Art 6. Abs. 1 lit b DSGVO).<\/p>\n<\/div><div class=\"breaker amag amcloud amlegal amjobs amacademy amacademyapp amch\"><hr><\/div><div class=\"left amag amcloud amlegal amjobs amacademy amacademyapp amch\"><h4>Empf\u00e4nger der Daten<\/h4><\/div><div class=\"right amag amcloud amlegal amacademy amacademyapp amch\">\n<p>Unsere Website wird von Dienstleistern gewartet, die als unsere Auftragsverarbeiter t\u00e4tig werden. \nSofern Sie uns eine Anfrage bzgl. eines Angebots schicken, k\u00f6nnen von uns eingesetzte Dienstleister zu diesen Zwecken Daten erhalten, sofern diese die Daten zur Erf\u00fcllung ihrer jeweiligen Leistung ben\u00f6tigen (z.B. IT-Dienstleistungen).\n<\/p>\n<p>Zudem werden wir von einem extern beauftragten Call-Center f\u00fcr Ihre telefonischen Anfragen unterst\u00fctzt.<\/p>\n<p>S\u00e4mtliche Dienstleister sind vertraglich dazu verpflichtet, Ihre Daten vertraulich zu behandeln<\/p>\n<\/div><div class=\"breaker amag amcloud amlegal amjobs amacademy amacademyapp amch\"><hr><\/div><div class=\"left amag amcloud amlegal amjobs amacademy amacademyapp amch\"><h4>Speicherdauer<\/h4><\/div><div class=\"right amag amcloud amlegal amacademy amacademyapp amch\">\n<p>Daten werden sp\u00e4testens 6 Monate nach Bearbeitung der Anfrage gel\u00f6scht. <\/p>\n<p>Sofern es zu einem Vertragsverh\u00e4ltnis kommt, unterliegen wir den gesetzlichen Aufbewahrungsfristen und l\u00f6schen Ihre Daten nach sechs bzw. zehn Jahren. <\/p>\n<\/div><div class=\"breaker amag amcloud amlegal amjobs amacademy amacademyapp amch\"><hr><\/div><div class=\"left amag amcloud amlegal amjobs amacademy amacademyapp\"><h4>Bereitstellung vorgeschrieben oder erforderlich<\/h4><\/div><div class=\"right amag amcloud amlegal amacademy amacademyapp\">\n<p>Die Bereitstellung Ihrer personenbezogenen Daten erfolgt freiwillig. Wir k\u00f6nnen Ihre Anfrage jedoch nur bearbeiten, sofern Sie uns die erforderlichen Daten und den Grund der Anfrage mitteilen.<\/p>\n<\/div><div class=\"breaker amag amcloud amlegal amjobs amacademy amacademyapp\"><hr><\/div><div class=\"left amag amcloud amlegal amjobs amacademy amacademyapp\"><h4>Widerspruch<\/h4><\/div><div class=\"right amag amcloud amlegal amjobs amacademy amacademyapp\">\n<p>Lesen Sie dazu die Informationen \u00fcber Ihr Widerspruchsrecht nach Art. 21 DSGVO weiter unten.<\/p>\n<\/div><div class=\"breaker amag amcloud amlegal amjobs amacademy amacademyapp\"><hr><\/div><div id=\"captcha\" class=\"elementor-menu-anchor amag amcloud amlegal amjobs amacademy amch\"><h3>Nutzung von Friendly Captcha<\/h3><\/div><div class=\"left amag amcloud amlegal amjobs amacademy amch\"><h4>Zweck, Rechtsgrundlage und berechtigtes Interesse<\/h4><\/div><div class=\"right amag amcloud amlegal amjobs amacademy\">\n<p>Auf dieser Website nutzen wir im Rahmen von Formularen das Angebot von Friendly Captcha. Friendly Captcha wird von Friendly Captcha GmbH (Am Anger 3-5, 82237 W\u00f6rthsee, Deutschland) betrieben. Dadurch k\u00f6nnen wir nicht-menschliche und automatisierte Eingaben vermeiden und einen funktionierenden Betrieb der technischen Systeme sicherstellen. <\/p>\n<p>Im Rahmen der Verarbeitung werden folgende Protokolldaten erfasst:<\/p>\n<ul>\n\t<li>Die technischen Verbindungsdaten des Serverzugriffs (Datum, Uhrzeit, Standort, Betriebssysteme, Anwendungen, Browser-Informationen), <\/li>\n\t<li>die Request Headers User-Agent, Origin und Referer,<\/li>\n\t<li>das Puzzle selbst, das Informationen \u00fcber das Konto und den Website-Schl\u00fcssel enth\u00e4lt, auf den sich das Puzzle bezieht,<\/li>\n\t<li>die Version des Widgets,<\/li>\n\t<li>einen Zeitstempel und<\/li>\n\t<li>anonymisierter (via One-Way-Hashing) Z\u00e4hler pro IP-Adresse.<\/li>\n<\/ul>\n<p>Rechtsgrundlage f\u00fcr diese Verarbeitung ist das berechtigte Interesse (Art. 6 Abs. 1 lit. f DSGVO) am Schutz unserer Website vor missbr\u00e4uchlichen Zugriff durch Bots, dem Spam-Schutz und dem Schutz vor Angriffen wie Massenanfragen.<\/p>\n<\/div><div class=\"breaker amag amcloud amlegal amjobs amacademy amch\"><hr><\/div><div class=\"left amag amcloud amlegal amjobs amacademy amch\"><h4>Empf\u00e4nger der Daten<\/h4><\/div><div class=\"right amag amcloud amlegal amjobs amacademy amch\">\n<p>Empf\u00e4nger der Daten sind ggf. technische Dienstleister, die f\u00fcr den Betrieb und die Wartung unserer Website als Auftragsverarbeiter t\u00e4tig werden. Hierf\u00fcr haben wir mit den Anbietern die entsprechenden Auftragsverarbeitungsvertr\u00e4ge abgeschlossen. <\/p>\n<p>N\u00e4here Informationen zur Verarbeitung durch Friendly Captcha k\u00f6nnen Sie in der <a href=\"https:\/\/friendlycaptcha.com\/legal\/privacy-end-users\/\">Datenschutzerkl\u00e4rung von Friendly Captcha<\/a> entnehmen.<\/p>\n<\/div><div class=\"breaker amag amcloud amlegal amjobs amacademy amch\"><hr><\/div><div class=\"left amag amcloud amlegal amjobs amacademy amch\"><h4>\u00dcbermittlung ins Ausland <\/h4><\/div><div class=\"right amag amcloud amlegal amjobs amacademy amch\">\n\t<p>Friendly Captcha setzt Subdienstleister aus den USA ein. Als geeignete Garantien f\u00fcr die rechtskonforme Daten\u00fcbermittlung hat Friendly Captcha Standardvertragsklauseln abgeschlossen.<\/p>\n<\/div><div class=\"breaker ama amcloudg amlegal amjobs amacademy amch\"><hr><\/div><div class=\"left amag amcloud amlegal amjobs amacademy amch\"><h4>Speicherdauer<\/h4><\/div><div class=\"right amag amcloud amlegal amjobs amacademy amch\">\n\t<p>Wenn personenbezogene Daten gespeichert werden, werden diese Daten binnen 30 Tagen gel\u00f6scht.<\/p>\n<\/div><div class=\"breaker ama amcloudg amlegal amjobs amacademy amch\"><hr><\/div><div class=\"left amag amcloud amlegal amjobs amacademy\"><h4>Bereitstellung vorgeschrieben oder erforderlich<\/h4><\/div><div class=\"right amag amcloud amlegal amjobs amacademy\">\n<p>Die Bereitstellung der Daten ist weder gesetzlich noch vertraglich vorgeschrieben. Ohne diese Daten ist jedoch der Dienst und die Funktionsf\u00e4higkeit\/Sicherheit unserer Website nicht gew\u00e4hrleistet.<\/p>\n<\/div><div class=\"breaker amag amcloud amlegal amjobs amacademy\"><hr><\/div><div class=\"left amag amcloud amlegal amjobs amacademy\"><h4>Widerspruch<\/h4><\/div><div class=\"right amag amcloud amlegal amjobs amacademy\">\n<p>Lesen Sie dazu die Informationen \u00fcber Ihr Widerspruchsrecht nach Art. 21 DSGVO weiter unten.<\/p>\n<\/div><div class=\"breaker amag amcloud amlegal amjobs amacademy\"><hr><\/div><div id=\"website\" class=\"elementor-menu-anchor amag amcloud amlegal amjobs amacademy amacademyapp amch\"><h3>Aufruf unserer Website<\/h3><\/div><div class=\"left amag amcloud amlegal amjobs amacademy amacademyapp amch\"><h4>Zweck, Rechtsgrundlage und berechtigtes Interesse<\/h4><\/div><div class=\"right amag amcloud amlegal amjobs amacademy amacademyapp\">\n<p>Wenn Sie auf unsere Website zugreifen, d.h., selbst wenn Sie sich nicht registrieren oder anderweitig Informationen \u00fcbermitteln, werden automatisch Informationen allgemeiner Natur erfasst. Diese Informationen (Server-Logfiles) beinhalten etwa die Art des Webbrowsers, das verwendete Betriebssystem, den Domainnamen Ihres Internet-Service-Providers, Ihre IP-Adresse, Referrer URL, Datum und Uhrzeit des Zugriffs und \u00e4hnliches. <\/p>\n<p>Sie werden insbesondere zu folgenden Zwecken verarbeitet:<\/p>\n<ul>\n\t<li>Sicherstellung eines problemlosen Verbindungsaufbaus der Website,<\/li>\n\t<li>Sicherstellung einer reibungslosen Nutzung unserer Website, sowie<\/li>\n\t<li>Sicherstellung und Auswertung der Systemsicherheit und -stabilit\u00e4t, insbesondere zur Missbrauchserkennung sowie <\/li>\n\t<li>zur technisch fehlerfreien Darstellung und Optimierung unserer Website. <\/li>\n<\/ul>\n<p>Wir verwenden Ihre Daten nicht, um R\u00fcckschl\u00fcsse auf Ihre Person zu ziehen. Allerdings behalten wir uns vor, die Server-Logfiles nachtr\u00e4glich zu \u00fcberpr\u00fcfen, sollten konkrete Anhaltspunkte auf eine rechtswidrige Nutzung hinweisen.<\/p>\n<p>Die Verarbeitung erfolgt gem\u00e4\u00df Art. 6 Abs. 1 lit. f DSGVO auf Basis unseres berechtigten Interesses an der Verbesserung der Stabilit\u00e4t und Funktionalit\u00e4t unserer Website sowie der Sicherstellung der Systemsicherheit und Missbrauchserkennung.<\/p>\n<\/div><div class=\"breaker amag amcloud amlegal amjobs amacademy amacademyapp amch\"><hr><\/div><div class=\"left amag amcloud amlegal amjobs amacademy amacademyapp amch\"><h4>Empf\u00e4nger der Daten<\/h4><\/div><div class=\"right amag amcloud amlegal amjobs amacademy amacademyapp amch\">\n<p>Wir setzen f\u00fcr Betrieb und Wartung unserer Webseite Dienstleister ein, die als unsere Auftragsverarbeiter t\u00e4tig werden.<\/p>\n<p>S\u00e4mtliche Dienstleister sind vertraglich dazu verpflichtet, Ihre Daten vertraulich zu behandeln.<\/p>\n<\/div><div class=\"breaker amag amcloud amlegal amjobs amacademy amacademyapp amch\"><hr><\/div><div class=\"left amag amcloud amlegal amjobs amacademy amacademyapp amch\"><h4>Speicherdauer<\/h4><\/div><div class=\"right amag amcloud amlegal amjobs amacademy amacademyapp amch\">\n\t<p>Daten werden in Server-Log-Dateien in einer Form, die die Identifizierung der betroffenen Personen erm\u00f6glicht, maximal f\u00fcr einen Zeitraum von 7 Tagen gespeichert; es sei denn, dass ein sicherheitsrelevantes Ereignis auftritt (z.B. ein DDoS-Angriff). <\/p>\n\t<p>Im Falle eines solchen Ereignisses werden Server-Log-Dateien bis zur Beseitigung und vollst\u00e4ndigen Aufkl\u00e4rung des sicherheitsrelevanten Ereignisses gespeichert.<\/p>\n<\/div><div class=\"breaker ama amcloudg amlegal amjobs amacademy amacademyapp amch\"><hr><\/div><div class=\"left amag amcloud amlegal amjobs amacademy amacademyapp\"><h4>Bereitstellung vorgeschrieben oder erforderlich<\/h4><\/div><div class=\"right amag amcloud amlegal amjobs amacademy amacademyapp\">\n<p>Die Bereitstellung der vorgenannten personenbezogenen Daten ist weder gesetzlich noch vertraglich vorgeschrieben. Ohne die IP-Adresse und die Cookie-Kennung ist jedoch der Dienst und die Funktionsf\u00e4higkeit unserer Website nicht gew\u00e4hrleistet. Zudem k\u00f6nnen einzelne Dienste und Services nicht verf\u00fcgbar oder eingeschr\u00e4nkt sein.<\/p>\n<\/div><div class=\"breaker amag amcloud amlegal amjobs amacademy amacademyapp\"><hr><\/div><div class=\"left amag amcloud amlegal amjobs amacademy amacademyapp\"><h4>Widerspruch<\/h4><\/div><div class=\"right amag amcloud amlegal amjobs amacademy amacademyapp\">\n<p>Lesen Sie dazu die Informationen \u00fcber Ihr Widerspruchsrecht nach Art. 21 DSGVO weiter unten.<\/p>\n<\/div><div class=\"breaker amag amcloud amlegal amjobs amacademy\"><hr><\/div><div class=\"amag amlegal amacademy\"><h3>Webinare \u00fcber ClickMeeting<\/h3><\/div><div class=\"left amag amlegal amacademy\"><h4>Zweck, Rechtsgrundlage und berechtigtes Interesse<\/h4><\/div><div class=\"right amag amlegal amacademy\">\n<p>Zur Durchf\u00fchrung der live stattfindenden Webinare nutzen wir die Webinar-L\u00f6sung des Videokonferenztools ClickMeeting (ClickMeeting Sp\u00f3\u0142ka z ograniczon\u0105 odpowiedzialno\u015bci\u0105 mit Sitz in ul. Arko\u0144ska 6\/A4, 80-387 Gda\u0144sk, Polen).<\/p>\n<p>Es wird eine verschl\u00fcsselte Verbindung zwischen Ihnen und ClickMeeting aufgebaut. Weitere Hinweise zur Verschl\u00fcsselungstechnik sowie eine ausf\u00fchrliche Aufstellung der Kategorien der von ClickMeeting erfassten und verarbeiteten Daten, sowie der jeweilige genaue Zweck der Verarbeitung finden Sie unter: https:\/\/knowledge.clickmeeting.com\/de\/privacy-security\/.<\/p>\n<p>Die bei der Anmeldung angegebenen personenbezogenen Daten werden ausschlie\u00dflich f\u00fcr die Durchf\u00fchrung des Webinars verarbeitet. Die Rechtsgrundlage hierf\u00fcr ist bei kostenlosen Webinaren Art. 6 Abs. 1 S. 1 lit. f) DSGVO, die praktikable und anwenderfreundliche Durchf\u00fchrung des Webinars unter Einbeziehung einer guten Nutzererfahrung zwecks Au\u00dfendarstellung des Unternehmens. Bei kostenpflichtigen Webinaren ist die Rechtsgrundlage Art. 6 Abs. 1 S. 1 lit. b) DSGVO.<\/p>\n<\/div><div class=\"breaker amag amlegal amacademy\"><hr><\/div><div class=\"left amag amlegal amacademy\"><h4>Empf\u00e4nger der Daten<\/h4><\/div><div class=\"right amag amlegal amacademy\">\n<p>Empf\u00e4nger sind technische Dienstleister zur Durchf\u00fchrung des Webinars im Rahmen einer Auftragsverarbeitung. Im Fall der der ClickMeeting-L\u00f6sung die ClickMeeting Sp. z o.o., Arkonska 6\/A4, 80-387 Gdansk, Polen. <\/p>\n<p>Im Hinblick auf die Datenweitergabe an Empf\u00e4nger au\u00dferhalb unseres Unternehmens ist zun\u00e4chst zu beachten, dass wir nur erforderliche personenbezogene Daten unter Beachtung der anwendbaren Datenschutzvorschriften weitergeben. Unter diesen Voraussetzungen k\u00f6nnen Empf\u00e4nger personenbezogener Daten z. B. sein:<\/p>\n<ul>\n\t<li>\u00f6ffentliche Stellen und Institutionen (z. B. Finanzbeh\u00f6rden, Strafverfolgungsbeh\u00f6rden) bei Vorliegen einer gesetzlichen oder beh\u00f6rdlichen Verpflichtung,<\/li>\n\t<li>Kredit- und Finanzdienstleistungsinstitute (Abwicklung Zahlungsverkehr)<\/li>\n\t<li>Steuerberater, Wirtschafts- und Lohnsteuer-\/Betriebspr\u00fcfer (gesetzlicher Pr\u00fcfungsauftrag) <\/li>\n\t<\/ul>\n<p>Weiterhin technische Dienstleister f\u00fcr die Anmeldeverwaltung im Rahmen einer Auftragsverarbeitung.<\/p>\n<p>S\u00e4mtliche Dienstleister sind vertraglich dazu verpflichtet, Ihre Daten vertraulich zu behandeln.<\/p>\n<\/div><div class=\"breaker amag amlegal amacademy\"><hr><\/div><div class=\"left amag amlegal amacademy\"><h4>Speicherdauer<\/h4><\/div><div class=\"right amag amlegal amacademy\">\n<p>Bei kostenfreien Webinaren werden Ihre Daten durch uns nur im Rahmen der jeweiligen Live-Session erhoben. Die systemseitige \u00fcber ClickMeeting erm\u00f6glichte Aufzeichnung wird f\u00fcr alle Teilnehmer unterbunden. Anmeldedaten werden nach Zweckfortfall gel\u00f6scht. Die L\u00f6schung erfolgt in der Regel nach einer Speicherdauer von maximal sechs Monaten in unserem System.<\/p>\n<p>Bei kostenpflichtigen Webinaren verarbeiten und speichern wir Ihre personenbezogenen Daten, solange dies f\u00fcr die Erf\u00fcllung unserer vertraglichen und gesetzlichen Pflichten erforderlich ist. Sind die Daten f\u00fcr die Erf\u00fcllung vertraglicher oder gesetzlicher Pflichten nicht mehr erforderlich, werden diese regelm\u00e4\u00dfig gel\u00f6scht.<\/p>\n\t<p>Ausnahmen zu den oben genannten L\u00f6schkriterien ergeben sich f\u00fcr Daten,<\/p>\n<ul>\n\t<li>die f\u00fcr die Erf\u00fcllung gesetzlicher Aufbewahrungspflichten, z. B. Handelsgesetzbuch (HGB) und Abgabenordnung (AO), erforderlich sind. Die dort vorgegebenen Fristen zur Aufbewahrung bzw. Dokumentation betragen in der Regel sechs bis zehn Jahre,<\/li>\n\t<li>zur Erhaltung von Beweismitteln im Rahmen der gesetzlichen Verj\u00e4hrungsvorschriften. Nach den \u00a7\u00a7 195 ff. des B\u00fcrgerlichen Gesetzbuches (BGB) k\u00f6nnen diese Verj\u00e4hrungsfristen bis zu 30 Jahre betragen, wobei die regelm\u00e4\u00dfige Verj\u00e4hrungsfrist drei Jahre betr\u00e4gt.<\/li>\n<\/ul>\n<\/div><div class=\"breaker amag amlegal amacademy\"><hr><\/div><div class=\"left amag amlegal amacademy\"><h4>Bereitstellung vorgeschrieben oder erforderlich<\/h4><\/div><div class=\"right amag amlegal amacademy\">\n<p>Die Bereitstellung Ihrer personenbezogenen Daten erfolgt freiwillig. Wir k\u00f6nnen das Webinar nur anbieten, sofern wir die damit verbundene Verarbeitung durchf\u00fchren k\u00f6nnen.<\/p>\n<\/div><div class=\"breaker amag amlegal amacademy\"><hr><\/div><div class=\"left amag amlegal amacademy\"><h4>Widerspruch<\/h4><\/div><div class=\"right amag amlegal amacademy\">\n<p>Lesen Sie dazu die Informationen \u00fcber Ihr Widerspruchsrecht nach Art. 21 DSGVO weiter unten.<\/p>\n<\/div><div class=\"breaker amag amlegal amacademy\"><hr><\/div><div class=\"amag amlegal amacademy\"><h3>Podcast-Hosting<\/h3><\/div><div class=\"left amag amlegal amacademy\"> <\/div><div class=\"right amag amlegal amacademy\">\n<p>Wir nutzen den Podcast-Hosting-Dienst Podigee des Anbieters Podigee GmbH, Revaler Stra\u00dfe 28, 10245 Berlin, Deutschland. Die Podcasts werden dabei von Podigee geladen oder \u00fcber Podigee \u00fcbertragen. <\/p>\n<p>Die Nutzung erfolgt auf Grundlage unserer berechtigten Interessen, d.h. Interesse an einer sicheren und effizienten Bereitstellung, Analyse sowie Optimierung unseres Podcast Angebotes gem. Art. 6 Abs. 1 lit. f. DSGVO.<\/p>\n<p>Podigee verarbeitet IP-Adressen und Ger\u00e4teinformationen, um Podcast-Downloads\/Wiedergaben zu erm\u00f6glichen und statistische Daten, wie z.B. Abrufzahlen zu ermitteln. Diese Daten werden vor der Speicherung in der Datenbank von Podigee pseudonymisiert, sofern sie f\u00fcr die Bereitstellung der Podcasts nicht erforderlich sind.<\/p>\n\t<p>Weitere Informationen und Widerspruchsm\u00f6glichkeiten finden sich in der Datenschutzerkl\u00e4rung von Podigee:  https:\/\/www.podigee.com\/de\/about\/privacy\/.<\/p><\/div><div class=\"breaker amag amlegal amacademy\"><hr><\/div><div id=\"reichweitenmessung\" class=\"elementor-menu-anchor amag amcloud amlegal amjobs amacademy amch\"><h3>Reichweitenmessung<\/h3><\/div><div class=\"left amag amcloud amlegal amjobs amacademy amch\"><h4>Zweck, Rechtsgrundlage und berechtigtes Interesse<\/h4><\/div><div class=\"right amag amcloud amlegal amjobs amacademy\">\n<p>Mithilfe von  Analysewerkzeugen werten wir das Nutzerverhalten aus.<\/p>\n<p>Eine genauere Beschreibung zu den Tools finden Sie im Kapitel Analysewerkzeuge dieser Datenschutzerkl\u00e4rung.<\/p>\n<p>Die Verarbeitung erfolgt gem\u00e4\u00df Art. 6 Abs. 1 lit. f DSGVO auf Basis unseres berechtigten Interesses. Die Messung der Reichweite und die sich daraus ergebenden Informationen sind geeignet, um das Webangebot anzupassen.<\/p>\n<\/div><div class=\"breaker amag amcloud amlegal amjobs amacademy amch\"><hr><\/div><div class=\"left amag amcloud amlegal amjobs amacademy amch\"><h4>Empf\u00e4nger der Daten<\/h4><\/div><div class=\"right amag amcloud amlegal amjobs amacademy amch\">\n<p>Wir setzen f\u00fcr Betrieb und Wartung unserer Webseite technische Dienstleister ein, die als unsere Auftragsverarbeiter t\u00e4tig werden.<\/p>\n<p>S\u00e4mtliche Dienstleister sind vertraglich dazu verpflichtet, Ihre Daten vertraulich zu behandeln.<\/p>\n<\/div><div class=\"breaker amag amcloud amlegal amjobs amacademy amch\"><hr><\/div><div class=\"left amag amcloud amlegal amjobs amacademy amch\"><h4>Speicherdauer<\/h4><\/div><div class=\"right amag amcloud amlegal amjobs amacademy amch\">\n<p>Die Daten werden direkt nach Erhebung anonymisiert. <\/p>\n<\/div><div class=\"breaker amag amcloud amlegal amjobs amacademy amch\"><hr><\/div><div class=\"left amag amcloud amlegal amjobs amacademy\"><h4>Bereitstellung vorgeschrieben oder erforderlich<\/h4><\/div><div class=\"right amag amcloud amlegal amjobs amacademy\">\n<p>Die Bereitstellung der Daten ist weder gesetzlich noch vertraglich vorgeschrieben. <\/p>\n<\/div><div class=\"breaker amag amcloud amlegal amjobs amacademy\"><hr><\/div><div class=\"left amag amcloud amlegal amjobs amacademy\"><h4>Widerspruch<\/h4><\/div><div class=\"right amag amcloud amlegal amjobs amacademy\">\n<p>Lesen Sie dazu die Informationen \u00fcber Ihr Widerspruchsrecht nach Art. 21 DSGVO weiter unten.<\/p>\n<\/div><div class=\"breaker amag amcloud amlegal amjobs amacademy amacademyapp\"><hr><\/div><div id=\"cookies\" class=\"elementor-menu-anchor amag amcloud amlegal amjobs amacademy amacademyapp amch\"><h3>Verwendung von Cookies<\/h3><\/div><div class=\"left amag amcloud amlegal amjobs amacademy amacademyapp amch \"><h4>Grundlegendes <\/h4><\/div><div class=\"right amag amcloud amlegal amjobs amacademy amacademyapp amch\">\n<p>Ein Cookie ist ein kleiner Datensatz, der beim Besuch einer Internetseite erstellt und auf dem System des Nutzers der Internetseite zwischengespeichert wird. Wird der Server dieser Webseite erneut vom Nutzer der Website aufgerufen, sendet der Browser des Nutzers der Website das zuvor empfangenen Cookie wieder zur\u00fcck an den Server. Der Server kann die durch dieses Verfahren erhaltenen Informationen auswerten. Durch Cookies kann insbesondere das Navigieren auf einer Internetseite erleichtert werden.<\/p>\n<p>Ausf\u00fchrliche Informationen zum Thema Cookies, und welche Cookies auf dieser Website (nach Einwilligung) im Einsatz sind, finden Sie in unserem Cookie-Consent-Tool, das Sie jederzeit durch Klick auf das Icon am linken unteren Rand Ihres Webbrowsers erreichen.<\/p>\n<\/div><div class=\"breaker amag amcloud amlegal amjobs amacademy amacademyapp amch\"><hr><\/div><div class=\"left amag amcloud amlegal amjobs amacademy amacademyapp amch\"><h4>L\u00f6schen von Cookies <\/h4><\/div><div class=\"right amag amcloud amlegal amjobs amacademy amacademyapp amch\">\n<p>Sie k\u00f6nnen jede Cookie-Kategorie ablehnen, mit Ausnahme der technisch erforderlichen Cookies. Klicken Sie dazu auf das Icon am linken unteren Rand Ihres Webbrowsers und nehmen die gew\u00fcnschten Einstellungen im sich \u00f6ffnenden Cookie-Consent-Banner vor. <\/p>\n<p>Sie k\u00f6nnen zudem \u00fcber Ihre Browsereinstellungen einzelne Cookies oder den gesamten Cookie-Bestand l\u00f6schen. Dar\u00fcber hinaus erhalten Sie Informationen und Anleitungen, wie diese Cookies gel\u00f6scht oder deren Speicherung vorab blockiert werden k\u00f6nnen. Je nach Anbieter Ihres Browsers finden Sie die notwendigen Informationen unter den nachfolgenden Links:<\/p>\n<ul>\n\t<li>Mozilla Firefox: https:\/\/support.mozilla.org\/kb\/clear-cookies-and-site-data-firefox<\/li>\n\t<li>Internet Explorer: https:\/\/support.microsoft.com\/help\/17442\/windows-internet-explorer-delete-manage-cookies<\/li>\n\t<li>Google Chrome: https:\/\/support.google.com\/accounts\/answer\/61416 <\/li>\n\t<li>Opera: http:\/\/www.opera.com\/help<\/li>\n\t<li>Safari: https:\/\/support.apple.com\/guide\/safari\/sfri11471\/mac<\/li>\n<\/ul>\n<p>Zus\u00e4tzlich k\u00f6nnen Sie standardm\u00e4\u00dfig das Laden sog. Scripts verhindern. NoScript erlaubt das Ausf\u00fchren von JavaScript, Java und anderen Plugins nur bei vertrauensw\u00fcrdigen Domains Ihrer Wahl. Informationen und Anleitungen, wie Sie diese Funktion bearbeiten k\u00f6nnen, erhalten Sie \u00fcber den Anbieter Ihres Browsers (z.B. f\u00fcr Mozilla Firefox: https:\/\/addons.mozilla.org\/de\/firefox\/addon\/noscript\/). <\/p>\n<\/div><div class=\"breaker amag amcloud amlegal amjobs amacademy amacademyapp amch\"><hr><\/div><div class=\"amag amcloud amlegal amjobs amacademy amacademyapp amch\"><h3>Verwendung technisch notwendiger Cookies<\/h3><\/div><div class=\"left amag amcloud amlegal amjobs amacademy amacademyapp amch\"><h4>Zweck und Rechtsgrundlage und berechtigtes Interesse<\/h4><\/div><div class=\"right amcloud amlegal amjobs\">\n<p>Wir setzen Cookies ein, um unsere Website nutzerfreundlicher zu gestalten. Einige Elemente unserer Internetseite erfordern es, dass der aufrufende Browser auch nach einem Seitenwechsel identifiziert werden kann.<\/p>\n<p>In den Cookies werden dabei folgende Daten gespeichert und \u00fcbermittelt: <\/p>\n<ul>\n\t<li>Spracheinstellungen<\/li>\n\t<li>Einwilligungsmanagement<\/li>\n<\/ul>\n<p>Technisch notwendige Cookies helfen dabei, eine Webseite nutzbar zu machen, indem sie Grundfunktionen wie Seitennavigation und Zugriff auf sichere Bereiche der Webseite erm\u00f6glichen. Einige Funktionen unserer Internetseite k\u00f6nnen ohne den Einsatz von Cookies nicht angeboten werden. F\u00fcr diese ist es erforderlich, dass der Browser auch nach einem Seitenwechsel wiedererkannt wird.<\/p>\n<p>Die Verarbeitung erfolgt gem\u00e4\u00df Art. 6 Abs. 1 lit. f DSGVO auf Basis unseres berechtigten Interesses an einer nutzerfreundlichen Gestaltung unserer Website und an der Dokumentation der Einwilligung.<\/p>\n<\/div><div class=\"breaker amag amcloud amlegal amjobs amacademy amacademyapp amch\"><hr><\/div><div class=\"left amag amcloud amlegal amjobs amacademy amacademyapp amch\"><h4>Empf\u00e4nger der Daten<\/h4><\/div><div class=\"right amag amcloud amlegal amjobs amacademy amacademyapp amch\">\n<p>Wir setzen f\u00fcr Betrieb und Wartung unserer Webseite technische Dienstleister ein, die als unsere Auftragsverarbeiter t\u00e4tig werden.<\/p>\n<p>S\u00e4mtliche Dienstleister sind vertraglich dazu verpflichtet, Ihre Daten vertraulich zu behandeln.<\/p>\n<\/div><div class=\"breaker amag amcloud amlegal amjobs amacademy amacademyapp amch\"><hr><\/div><div class=\"left amag amcloud amlegal amjobs amacademy amacademyapp amch\"><h4>Speicherdauer<\/h4><\/div><div class=\"right amag amcloud amlegal amjobs amacademy amacademyapp amch\">\n<p>Einzelheiten zur Speicherdauer der Cookies finden Sie in unserem Cookie-Consent-Tool, das Sie durch Klick auf das Icon am linken unteren Bildschirmrand erreichen. <\/p>\n<\/div><div class=\"breaker amag amcloud amlegal amjobs amacademy amacademyapp amch\"><hr><\/div><div class=\"left amag amcloud amlegal amjobs amacademy amacademyapp\"><h4>Bereitstellung vorgeschrieben oder erforderlich<\/h4><\/div><div class=\"right amag amcloud amlegal amjobs amacademy amacademyapp\">\n<p>Die Bereitstellung der vorgenannten personenbezogenen Daten ist weder gesetzlich noch vertraglich vorgeschrieben. Ohne diese Daten ist jedoch der Dienst und die Funktionsf\u00e4higkeit unserer Website nicht gew\u00e4hrleistet. Zudem k\u00f6nnen einzelne Dienste und Services nicht verf\u00fcgbar oder eingeschr\u00e4nkt sein.<\/p>\n<\/div><div class=\"breaker amag amcloud amlegal amjobs amacademy amacademyapp\"><hr><\/div><div class=\"left amag amcloud amlegal amjobs amacademy amacademyapp\"><h4>Widerspruch<\/h4><\/div><div class=\"right amag amcloud amlegal amjobs amacademy amacademyapp\">\n<p>Lesen Sie dazu die Informationen \u00fcber Ihr Widerspruchsrecht nach Art. 21 DSGVO weiter unten.<\/p>\n<\/div><div class=\"breaker amag amcloud amlegal amjobs amacademy amacademyapp\"><hr><\/div><div class=\"amag amcloud amlegal amjobs amacademy amch\"><h3>Verwendung technisch nicht notwendiger Cookies<\/h3><\/div><div class=\"left amag amcloud amlegal amjobs amacademy amch\"><h4>Zweck und Rechtsgrundlage<\/h4><\/div><div class=\"right amag amcloud amlegal amjobs amacademy\">\n<p>Wir verwenden auf der Website auch solche Cookies, die eine Analyse des Surfverhaltens der Nutzer erm\u00f6glichen. Diese Cookies kommen zum Einsatz, um die Nutzung der Website effizienter und attraktiver zu gestalten. \nWir nutzen Webanalyse Technologien folgender Anbieter: <\/p>\n<ul>\n\t<li>etracker<\/li>\n<\/ul>\n<p>Rechtsgrundlage f\u00fcr diese Verarbeitungen ist jeweils Ihre Einwilligung, Art. 6 Abs. 1 lit. a DSGVO.<\/p>\n<\/div><div class=\"breaker amag amcloud amlegal amjobs amacademy amch\"><hr><\/div><div class=\"left amag amcloud amlegal amjobs amacademy amch\"><h4>Empf\u00e4nger der Daten<\/h4><\/div><div class=\"right amag amcloud amlegal amjobs amacademy amch\">\n<p>Wir setzen f\u00fcr Betrieb und Wartung unserer Webseite technische Dienstleister ein, die als unsere Auftragsverarbeiter t\u00e4tig werden.<\/p>\n<p>S\u00e4mtliche Dienstleister sind vertraglich dazu verpflichtet, Ihre Daten vertraulich zu behandeln.<\/p>\n<p>Weitere Empf\u00e4nger und Einzelheiten \u00fcber die technische Funktionsweise der eingesetzten Tools und Informationen, wie Sie die Daten\u00fcbermittlung (Tracking) verhindern k\u00f6nnen, finden Sie in unserem Cookie-Consent-Tool, das Sie durch Klick auf das Icon am linken unteren Bildschirmrand erreichen.<\/p>\n<\/div><div class=\"breaker amag amcloud amlegal amjobs amacademy amch\"><hr><\/div><div class=\"left amag amcloud amlegal amjobs amacademy amch\"><h4>Speicherdauer<\/h4><\/div><div class=\"right amag amcloud amlegal amjobs amacademy amch\">\n<p>Einzelheiten zu den Speicherdauer der Cookies und den Technologien, die im Rahmen dieser Tracking-Tools zum Einsatz kommen, finden Sie in unserem Cookie-Consent-Tool, das Sie durch Klick auf das Icon am linken unteren Bildschirmrand erreichen.<\/p>\n<\/div><div class=\"breaker amag amcloud amlegal amjobs amacademy amch\"><hr><\/div><div class=\"left amag amcloud amlegal amjobs amacademy\"><h4>Bereitstellung vorgeschrieben oder erforderlich<\/h4><\/div><div class=\"right amag amcloud amlegal amjobs amacademy\">\n<p>Die Bereitstellung Ihrer Daten erfolgt freiwillig, allein auf Basis Ihrer Einwilligung. <\/p>\n<\/div><div class=\"breaker amag amcloud amlegal amjobs amacademy\"><hr><\/div><div class=\"left amag amcloud amlegal amjobs amacademy amch\"><h4>Widerruf der Einwilligung<\/h4><\/div><div class=\"right amag amcloud amlegal amjobs amacademy amch\">\n<p>Sie k\u00f6nnen jederzeit Ihre Einwilligung widerrufen. Klicken Sie dazu auf das Icon am linken unteren Bildschirmrand und nehmen die gew\u00fcnschten Einstellungen im sich \u00f6ffnenden Cookie-Consent-Banner vor.<\/p>\n<\/div><div class=\"breaker amag amcloud amlegal amjobs amacademy amch\"><hr><\/div><div class=\"left amag amcloud amlegal amjobs amacademy amch\"><h4>Profiling<\/h4><\/div><div class=\"right amag amcloud amlegal amjobs amacademy amch\">\n<p>Mit Hilfe der Webanalyse-Tools k\u00f6nnen das Verhalten der Besucher der Webseite bewertet und die Interessen analysiert werden. Hierzu erstellen wir ein pseudonymes Nutzerprofil.<\/p>\n<\/div><div class=\"breaker amag amcloud amlegal amjobs amacademy amch\"><hr><\/div><div class=\"left amag amcloud amlegal amjobs amacademy\"><h4>Widerspruch<\/h4><\/div><div class=\"right amag amcloud amlegal amjobs amacademy\">\n<p>Lesen Sie dazu die Informationen \u00fcber Ihr Widerspruchsrecht nach Art. 21 DSGVO weiter unten.<\/p>\n<\/div><div class=\"breaker amag amcloud amlegal amjobs amacademy\"><hr><\/div><div class=\"amag amcloud amlegal amjobs amacademy amacademyapp amch\"><h3>Cookie-Consent-Management<\/h3><\/div><div class=\"left amag amcloud amlegal amjobs amacademy amacademyapp amch\"><h4>Zweck und Rechtsgrundlage<\/h4><\/div><div class=\"right amag amcloud amlegal amjobs amacademy amacademyapp\">\n\t<p>Wir nutzen den Einwilligungsmanager von Usercentrics, um Ihre Einwilligung zur Speicherung bestimmter Cookies auf Ihrem Endger\u00e4t einzuholen und diese datenschutzkonform zu dokumentieren. Anbieter dieser Technologie ist die Usercentrics GmbH, Rosental 4, 80331 M\u00fcnchen (im Folgenden \u201eUsercentrics\u201c).<\/p>\n\t<p>Beim Besuch unserer Website werden folgende personenbezogene Daten an Usercentrics \u00fcbermittelt:<\/p>\n\t<ul>\n\t\t<li>Ihre Einwilligung(en) bzw. der Widerruf Ihrer Einwilligung(en)<\/li>\n\t\t<li>Ihre IP-Adresse<\/li>\n\t\t<li>Informationen \u00fcber Ihren Browser<\/li>\n\t\t<li>Informationen \u00fcber Ihr Endger\u00e4t<\/li>\n\t\t<li>Zeitpunkt Ihres Besuchs auf der Website<\/li>\n\t<\/ul>\n\t<p>Des Weiteren speichert Usercentrics ein Cookie in Ihrem Browser, um Ihnen die erteilten Einwilligungen bzw. deren Widerruf zuordnen zu k\u00f6nnen. Die so erfassten Daten werden gespeichert, bis Sie uns zur L\u00f6schung auffordern, das Usercentrics-Cookie selbst l\u00f6schen oder der Zweck f\u00fcr die Datenspeicherung entf\u00e4llt. Zwingende gesetzliche Aufbewahrungspflichten bleiben unber\u00fchrt.<\/p>\n\t<p>Der Einsatz von Usercentrics erfolgt, um die gesetzlich vorgeschriebenen Einwilligungen f\u00fcr den Einsatz von Cookies einzuholen. Rechtsgrundlage hierf\u00fcr ist Art. 6 Abs. 1 S. 1 lit. c DSGVO.<\/p>\n<\/div><div class=\"breaker amag amcloud amlegal amjobs amacademy amacademyapp amch\"><hr><\/div><div class=\"left amag amcloud amlegal amjobs amacademy amacademyapp amch\"><h4>Empf\u00e4nger der Daten<\/h4><\/div><div class=\"right amag amcloud amlegal amjobs amacademy amacademyapp amch\">\n\t<p>Empf\u00e4nger sind technische Dienstleister. Usercentrics ist ebenfalls Empf\u00e4nger Ihrer personenbezogenen Daten und als Auftragsverarbeiter f\u00fcr uns t\u00e4tig. S\u00e4mtliche Dienstleister sind vertraglich dazu verpflichtet, Ihre Daten vertraulich zu behandeln.<\/p>\n<\/div><div class=\"breaker amag amcloud amlegal amjobs amacademy amacademyapp amch\"><hr><\/div><div class=\"left amag amcloud amlegal amjobs amacademy amacademyapp amch\"><h4>Speicherdauer<\/h4><\/div><div class=\"right amag amcloud amlegal amjobs amacademy amacademyapp amch\">\n\t<p>Die Einwilligungsdaten (Einwilligung und Widerruf der Einwilligung) werden drei Jahre lang gespeichert. Die Daten werden danach sofort gel\u00f6scht.<\/p>\n<\/div><div class=\"breaker amag amcloud amlegal amjobs amacademy amacademyapp amch\"><hr><\/div><div class=\"left amag amcloud amlegal amjobs amacademy amacademyapp\"><h4>Bereitstellung vorgeschrieben oder erforderlich<\/h4><\/div><div class=\"right amag amcloud amlegal amjobs amacademy amacademyapp\">\n\t<p>Die Bereitstellung Ihrer personenbezogenen Daten erfolgt freiwillig. Die Funktionsf\u00e4higkeit der Website kann jedoch ohne die Verarbeitung nicht gew\u00e4hrleistet werden.<\/p>\n<\/div><div class=\"breaker amag amcloud amlegal amjobs amacademy amacademyapp\"><hr><\/div><div class=\"left amag amcloud amlegal amjobs amacademy amacademyapp amch\"><h4>Widerspruch<\/h4><\/div><div class=\"right amag amcloud amlegal amjobs amacademy amacademyapp amch\">\n\t<p>Lesen Sie dazu die Informationen \u00fcber Ihr Widerspruchsrecht nach Art. 21 DSGVO weiter unten.<\/p>\n\t<p>Widerspruchs- und Beseitigungsm\u00f6glichkeiten gegen\u00fcber Usercentrics finden Sie unter: https:\/\/usercentrics.com\/de\/datenschutzerklaerung\/ <\/p>\n<\/div><div class=\"breaker amag amcloud amlegal amjobs amacademy amacademyapp\"><hr><\/div><div id=\"analyse\" class=\"elementor-menu-anchor amag amcloud amlegal amjobs amacademy amch\"><h3>Eingesetzte Analyse-Tools<\/h3><\/div><div class=\"left amag amcloud amlegal amjobs amacademy amch\"><h4>etracker (ohne Cookies) <\/h4><\/div><div class=\"right amag amcloud amlegal amjobs amacademy amch\">\n\t<p>Wir nutzen die Dienste des deutschen Unternehmens etracker GmbH, Erste Brunnenstra\u00dfe 1, 20459 Hamburg. <\/p>\n\t<p>Standardm\u00e4\u00dfig verwendet etracker keine Cookies f\u00fcr das Tracking auf einer Website, da dies im sogenannten Cookieless-Modus durch Privacy-by-Design umgesetzt wurde.<\/p>\n\t<p>Beim Cookieless-Modus erfolgt weder eine \u201eSpeicherung von Informationen\u201c noch ein \u201eZugriff auf Informationen, die bereits im Endger\u00e4t eines Teilnehmers oder Nutzers gespeichert sind\u201c. Es werden lediglich die Website-Daten von Webservern genutzt sowie bestimmte Informationen, die der Webbrowser zum Abruf von Websites an den Webserver \u00fcbertr\u00e4gt. Diese Informationen erm\u00f6glichen es, einzelne Seitenaufrufe zu zusammenh\u00e4ngenden Sessions zu verbinden. Durch die Verkn\u00fcpfung mit einem Zeitstempel wird dabei ausgeschlossen, dass Seitenaufrufe jenseits eines 24-st\u00fcndigen Zeitfensters zu Customer Journeys beziehungsweise Nutzerprofilen verkn\u00fcpft werden k\u00f6nnen. <\/p>\n\t<p>Es handelt sich demnach nicht um Device Fingerprinting gem\u00e4\u00df der \u201eStellungnahme 9\/2014 zur Anwendung der Richtlinie 2002\/58\/EG auf die Nutzung des virtuellen Fingerabdrucks\u201c, sondern um eine aggregierte statistische Auswertung der Website-Nutzung.<\/p>\n\t<p>Beim Einsatz von etracker im Cookieless-Modus ist die Rechtsgrundlage das berechtigte Interesse gem. Art. 6 Abs.1 lit. f DSGVO. Unser berechtigtes Interesse basiert auf die Optimierung unseres Online-Angebotes und unseres Webauftritts. Wir erhalten Analyse-Berichte wie Sie unsere Website verwenden, um unser Angebot besser an Ihre W\u00fcnsche anzupassen.<\/p>\n\t<p>Die mit etracker erzeugten Daten werden in unserem Auftrag von etracker ausschlie\u00dflich in Deutschland verarbeitet und gespeichert. Eine andere Verwendung, Zusammenf\u00fchrung mit anderen Daten oder eine Weitergabe an Dritte erfolgt nicht. <\/p>\n\t<p>Unsere Website wird von Dienstleistern gewartet, die als unsere Auftragsverarbeiter t\u00e4tig werden. S\u00e4mtliche Dienstleister sind vertraglich dazu verpflichtet, Ihre Daten vertraulich zu behandeln.<\/p>\n\t<p>Die Bereitstellung der vorgenannten personenbezogenen Daten ist weder gesetzlich noch vertraglich vorgeschrieben. Ohne diese Informationen k\u00f6nnen wir jedoch unsere Dienste und Leistungen nicht verbessern und optimieren.<\/p>\n\t<p>Sie k\u00f6nnen der Reichweitenmessung durch etracker jederzeit widersprechen, indem Sie den folgenden Schieberegler deaktivieren. Dadurch wird ein sogenanntes Opt-out-Cookie gesetzt, das zwei Jahre G\u00fcltigkeit hat. Es hat zur Folge, dass etracker Ihre weiteren Besuche nicht registrieren wird. Beachten Sie allerdings, dass das Opt-out-Cookie gel\u00f6scht wird, wenn Sie alle Cookies l\u00f6schen.<\/p>\n\t\n\t<!-- Opt-out-Code f\u00fcr etracker f\u00fcr aM.de -->\n\t\n\t<a href=\"#\" data-tld=\"activemind.de\" id=\"et-opt-out\"><\/a> \n\n\t<!-- Opt-out-Code f\u00fcr etracker f\u00fcr aM.cloud -->\n\t\n\t<a href=\"#\" data-tld=\"activemind.cloud\" id=\"et-opt-out\"><\/a> \n\t\n\t<!-- Opt-out-Code f\u00fcr etracker f\u00fcr aM.legal -->\n\t\n\t<a href=\"#\" data-tld=\"activemind.legal\" id=\"et-opt-out\"><\/a> \n\n\t<!-- Opt-out-Code f\u00fcr etracker f\u00fcr aM.jobs -->\n\t\n\t<a href=\"#\" data-tld=\"activemind.jobs\" id=\"et-opt-out\"><\/a> \n\n\t<!-- Opt-out-Code f\u00fcr etracker f\u00fcr aM.academy -->\n\t\n\t<a href=\"#\" data-tld=\"activemind.academy\" id=\"et-opt-out\"><\/a> \n\n\t<!-- Opt-out-Code f\u00fcr etracker f\u00fcr aM.ch -->\n\t\n\t<a href=\"#\" data-tld=\"activemind.ch\" id=\"et-opt-out\"><\/a> \n\n\t<p><em>Wird an dieser Stelle keine Schieberegler angezeigt, ist die Reichweitenmessung bereits durch andere Ma\u00dfnahmen blockiert. <\/em><\/p>\n\t\n<\/div><div class=\"breaker amag amcloud amlegal amjobs amacademy amch\"><hr><\/div><div class=\"left amag amcloud amlegal amjobs amacademy amch\"><h4>etracker (mit Cookies)<\/h4><\/div><div class=\"right amag amcloud amlegal amjobs amacademy amch\">\n\t<p>Wir nutzen die Dienste des deutschen Unternehmens etracker GmbH, Erste Brunnenstra\u00dfe 1, 20459 Hamburg. <\/p>\n\t<p>Wir nutzen etracker, um die Qualit\u00e4t unserer Website und unseres Angebots zu steigern. Es werden Cookies eingesetzt, die eine statistische Reichweiten-Analyse dieser Website, eine Erfolgsmessung unserer Online-Marketing-Ma\u00dfnahmen erm\u00f6glichen, um z.B. unterschiedliche Versionen unseres Online-Angebotes oder seiner Bestandteile zu testen und zu optimieren. <\/p>\n\t<p>Beim Einsatz von etracker mit Analyse- und Optimierungs-Cookies ist die Rechtsgrundlage f\u00fcr diese Verarbeitungen jeweils Ihre Einwilligung, Art. 6 Abs. 1 lit. a DSGVO.<\/p>\n\t<p>Die mit etracker erzeugten Daten werden in unserem Auftrag von etracker ausschlie\u00dflich in Deutschland verarbeitet und gespeichert. Eine andere Verwendung, Zusammenf\u00fchrung mit anderen Daten oder eine Weitergabe an Dritte erfolgt nicht. Dar\u00fcber hinaus werden die Daten direkt nach der Erhebung anonymisiert. <\/p>\n\t<p>Unsere Website wird von Dienstleistern gewartet, die als unsere Auftragsverarbeiter t\u00e4tig werden.<\/p>\n\t<p>S\u00e4mtliche Dienstleister sind vertraglich dazu verpflichtet, Ihre Daten vertraulich zu behandeln. <\/p>\n\t<p>Die Bereitstellung Ihrer personenbezogenen Daten erfolgt freiwillig, allein auf Basis Ihrer Einwilligung. Es entstehen Ihnen keine Nachteile.<\/p>\n\t<p>Sie k\u00f6nnen jederzeit Ihre Einwilligung widerrufen. Klicken Sie dazu auf das Icon am linken unteren Bildschirmrand und nehmen die gew\u00fcnschten Einstellungen im sich \u00f6ffnenden Cookie-Consent-Banner vor.<\/p>\n<\/div><div class=\"breaker amag amcloud amlegal amjobs amacademy amch\"><hr><\/div><div class=\"left amag amcloud amlegal amacademy amch\"><h4>WiredMinds<\/h4><\/div><div class=\"right amag amcloud amlegal amacademy amch\">\n<p>Unsere Webseite nutzt die Z\u00e4hlpixeltechnologie der WiredMinds GmbH (www.wiredminds.de) zur Analyse des Besucherverhaltens. Hierbei wird die IP-Adresse eines Besuchers verarbeitet. Die Verarbeitung erfolgt ausschlie\u00dflich zu dem Zweck, firmenrelevante Informationen wie z. B. den Unternehmensnamen zu erheben. IP-Adressen von nat\u00fcrlichen Personen werden von der weiteren Verwendung ausgeschlossen (Whitelist-Verfahren). Eine Speicherung der IP-Adresse in LeadLab erfolgt in keinem Fall. <\/p>\n\t<p>Bei der Verarbeitung der Daten ist es unser besonderes Interesse, die Datenschutzrechte nat\u00fcrlicher Personen zu wahren. Unser Interesse st\u00fctzt sich auf Art. 6 Abs. 1 lit. (f) DSGVO. Die von uns erhobenen Daten lassen zu keiner Zeit einen R\u00fcckschluss auf eine identifizierbare Person zu.<\/p>\n\t<p>Die WiredMinds GmbH nutzt diese Informationen, um anonyme Nutzungsprofile, bezogen auf das Besuchsverhalten auf unserer Webseite, zu erstellen. Die dabei gewonnenen Daten werden nicht benutzt, um den Besucher unserer Webseite pers\u00f6nlich zu identifizieren.<\/p>\n<\/div><div class=\"breaker amag amcloud amlegal amacademy amch\"><hr><\/div><div id=\"linkedin\" class=\"elementor-menu-anchor amag amcloud amlegal amjobs amacademy amch\"><h3>Unternehmensprofil bei LinkedIn<\/h3><\/div><div class=\"left amag amcloud amlegal amjobs amacademy amch\"><h4>Verantwortlicher<\/h4><\/div><div class=\"right amag amcloud amlegal amjobs amacademy amch\">\n\t<p>Bei der Datenverarbeitung beim Betrieb unseres Unternehmensprofiles auf LinkedIn sind wir gemeinsam verantwortlich i.S.d. DSGVO mit: <\/p>\n\t<p>LinkedIn Ireland Unlimited Company<br>  \n\t70 Sir John Rogerson\u2019s Quay, Dublin 2 <br>\n\tDublin D02r296, Ireland <\/p>\n\t<p>Bitte beachten Sie, dass wir trotz der gemeinsamen Verantwortlichkeit mit LinkedIn keinen Einfluss auf die Datenverarbeitungsvorg\u00e4nge von LinkedIn haben, die von LinkedIn zu eigenen Zwecken erfolgen. Der Vertrag zur Regelung der gemeinsamen Verantwortlichkeit f\u00fcr \u201ePage Insights\u201c ist abrufbar unter:  https:\/\/legal.linkedin.com\/pages-joint-controller-addendum.<\/p>\n<\/div><div class=\"breaker amag amcloud amlegal amjobs amacademy amch\"><hr><\/div><div class=\"left amag amcloud amlegal amjobs amacademy amch\"><h4>Zweck und Rechtsgrundlage<\/h4><\/div><div class=\"right amag amcloud amlegal amjobs amacademy\">\n\t<p>Wir unterhalten das Unternehmensprofil, um Sie zu informieren, uns und unsere Dienstleistungsangebote vorzustellen und um mit Ihnen kommunizieren zu k\u00f6nnen. <\/p>\n\t<p>Wenn Sie unserem Unternehmensprofil folgen oder damit interagieren, werden Sie dadurch f\u00fcr uns und andere Personen erkennbar und identifizierbar. <\/p>\n\t<p>Als Betreiber des Unternehmensprofils nutzen wir die Analysen zur Nutzung unserer Seiten, die uns von LinkedIn bereitgestellt werden. Diese Analysen helfen uns, die Interessen unserer Besucher besser zu verstehen und unsere Zielgruppe gezielter erreichen zu k\u00f6nnen. Auf Basis der Erkenntnisse entscheiden wir, welche Informationen wir ver\u00f6ffentlichen und bereitstellen. <\/p>\n\t<p>Bei den Analysen, die wir von LinkedIn erhalten, handelt es sich um aggregierte Daten zu Besuchern, Updates, Followern etc., die wir keinem bestimmten Besucher unseres Unternehmensprofils zuordnen k\u00f6nnen. <\/p>\n\t<p>Die erhobenen Daten nutzt LinkedIn auch zu eigenen Zwecken, namentlich f\u00fcr Marktforschungs- und Werbezwecke, also insbesondere, um Ihr Verhalten zu analysieren, um Nutzerprofile zu erstellen und um personalisierte Werbung (auch im Auftrag von Dritten) bereitzustellen. Wir haben auf diese Verarbeitungen keine Einflussm\u00f6glichkeiten. <\/p>\n\t<p>Zu den genannten Zwecken speichert LinkedIn auf Ihren Endger\u00e4ten, mit denen Sie das Unternehmensprofil oder dort ver\u00f6ffentlichte Inhalte aufrufen, Cookies. Diese Cookies sind kleine Textdateien, die einen eindeutigen Benutzercode enthalten. Es kommen sowohl dauerhafte als auch Sitzungs-Cookies zum Einsatz. Soweit wir wissen, nutzt LinkedIn die durch Cookies erhobenen Daten, um Ihnen Werbung bereitzustellen und um dies auch Werbepartnern von LinkedIn zu erm\u00f6glichen. <\/p>\n\t<p>Weitere Informationen zum Einsatz von Cookies durch LinkedIn finden Sie unter: https:\/\/de.linkedin.com\/legal\/cookie-policy? <\/p>\n\t<p>Weitere Informationen zur Datenverarbeitung durch LinkedIn k\u00f6nnen Sie der Datenschutzrichtlinie von LinkedIn entnehmen: https:\/\/de.linkedin.com\/legal\/privacy-policy<\/p>\n\t<p>Dort finden Sie auch Informationen zu Einstellungsm\u00f6glichkeiten und wie Sie LinkedIn kontaktieren k\u00f6nnen. <\/p>\n\t<p>Die Verarbeitung Ihrer personenbezogenen Daten mit Ausnahme des Trackings durch LinkedIn erfolgt auf Grundlage unserer berechtigten Interessen gem. Art. 6 Absatz 1 Satz 1 lit. f) DSGVO an einer effektiven Kommunikation und Interaktion mit Ihnen als Nutzer sowie einer optimierten Pr\u00e4sentation unserer Dienstleistungsangebote. <\/p>\n\t<p>Wir weisen darauf hin, dass f\u00fcr das Tracking durch LinkedIn Ihre Einwilligung nach Art. 6 Absatz 1 Satz 1 lit. a) DSGVO erforderlich ist. Um ein Tracking zu vermeiden, k\u00f6nnen die Cookie-Einstellungen auf den Browser lediglich auf die notwendigen Cookies beschr\u00e4nkt werden.<\/p>\n<\/div><div class=\"breaker amag amcloud amlegal amjobs amacademy amch\"><hr><\/div><div class=\"left amag amcloud amlegal amjobs amacademy amch\"><h4>Empf\u00e4nger der Daten<\/h4><\/div><div class=\"right amag amcloud amlegal amjobs amacademy amch\">\n\t<p>Empf\u00e4nger sind technische Dienstleister sowie solche, die unsere Unternehmenskonten aktuell halten. S\u00e4mtliche Dienstleister sind vertraglich dazu verpflichtet, Ihre Daten vertraulich zu behandeln.<\/p>\n<\/div><div class=\"breaker amag amcloud amlegal amjobs amacademy amch\"><hr><\/div><div class=\"left amag amcloud amlegal amjobs amacademy amch\"><h4>Drittlandtransfer<\/h4><\/div><div class=\"right amag amcloud amlegal amjobs amacademy amch\">\n\t<p>Eine Verarbeitung findet auch au\u00dferhalb der EU, namentlich in den USA statt. Es bestehen Garantien in Form von abgeschlossenen Standardvertragsklauseln. Die Standardvertragsklauseln k\u00f6nnen hier eingesehen werden: https:\/\/www.linkedin.com\/legal\/l\/dpa <\/p>\n<\/div><div class=\"breaker amag amcloud amlegal amjobs amacademy amch\"><hr><\/div><div class=\"left amag amcloud amlegal amjobs amacademy amch\"><h4>Speicherdauer<\/h4><\/div><div class=\"right amag amcloud amlegal amjobs amacademy amch\">\n\t<p>Die unmittelbar von uns \u00fcber das Unternehmensprofil erfassten Daten werden von unseren Systemen gel\u00f6scht, sobald der Zweck f\u00fcr Ihre Speicherung entf\u00e4llt. <\/p>\n\t<p>Auf die Speicherdauer Ihrer Daten, die von den Betreibern von LinkedIn zu eigenen Zwecken gespeichert werden, haben wir keinen Einfluss. F\u00fcr Einzelheiten dazu informieren Sie sich bitte direkt bei den Betreibern von LinkedIn (z. B. in der Datenschutzerkl\u00e4rung, siehe oben).<\/p>\n<\/div><div class=\"breaker amag amcloud amlegal amjobs amacademy amch\"><hr><\/div><div class=\"left amag amcloud amlegal amjobs amacademy\"><h4>Bereitstellung vorgeschrieben oder erforderlich<\/h4><\/div><div class=\"right amag amcloud amlegal amjobs amacademy\">\n\t<p>Die Bereitstellung Ihrer personenbezogenen Daten erfolgt freiwillig. <\/p>\n<\/div><div class=\"breaker amag amcloud amlegal amjobs amacademy\"><hr><\/div><div class=\"left amag amcloud amlegal amjobs amacademy amch\"><h4>Widerspruch<\/h4><\/div><div class=\"right amag amcloud amlegal amjobs amacademy amch\">\n\t<p>Lesen Sie dazu die Informationen \u00fcber Ihr Widerspruchsrecht nach Art. 21 DSGVO weiter unten.<\/p>\n<\/div><div class=\"breaker amag amcloud amlegal amjobs amacademy\"><hr><\/div><div id=\"rechte\" class=\"elementor-menu-anchor amag amcloud amlegal amjobs amacademy amacademyapp amch\"><h3>Welche Datenschutzrechte haben Sie?<\/h3><\/div><div class=\"right amag amcloud amlegal amjobs amacademy amacademyapp\">\n<p>Jede betroffene Person hat das Recht auf Auskunft nach Art. 15 DSGVO, das Recht auf Berichtigung nach Art. 16 DSGVO, das Recht auf L\u00f6schung nach Art. 17 DSGVO, das Recht auf Einschr\u00e4nkung der Verarbeitung nach Art. 18 DSGVO, das Recht auf Widerspruch aus Art. 21 DSGVO sowie das Recht auf Daten\u00fcbertragbarkeit aus Art. 20 DSGVO. <\/p>\n<p>Beim Auskunftsrecht und beim L\u00f6schungsrecht gelten die Einschr\u00e4nkungen nach \u00a7\u00a7 34 und 35 BDSG. <\/p>\n<p>Eine erteilte Einwilligung in die Verarbeitung personenbezogener Daten k\u00f6nnen Sie jederzeit uns gegen\u00fcber widerrufen. Dies gilt auch f\u00fcr den Widerruf von Einwilligungserkl\u00e4rungen, die vor der Geltung der Datenschutzgrundverordnung, also vor dem 25. Mai 2018, uns gegen\u00fcber erteilt worden sind. Bitte beachten Sie, dass der Widerruf erst f\u00fcr die Zukunft wirkt. Verarbeitungen, die vor dem Widerruf erfolgt sind, sind davon nicht betroffen.<\/p>\n<p>Dar\u00fcber hinaus besteht ein Beschwerderecht bei einer zust\u00e4ndigen Datenschutzaufsichtsbeh\u00f6rde (Art. 77 DSGVO i.V.m. \u00a7 19 BDSG). Eine Liste der Aufsichtsbeh\u00f6rden (f\u00fcr den nicht\u00f6ffentlichen Bereich) mit Anschrift finden Sie unter: https:\/\/www.bfdi.bund.de\/DE\/Infothek\/Anschriften_Links\/anschriften_links-node.html<\/p>\n<\/div><div class=\"breaker amag amcloud amlegal amjobs amacademy amacademyapp amch\"><hr><\/div><div id=\"datensicherheit\" class=\"elementor-menu-anchor amag amcloud amlegal amjobs amacademy amacademyapp amch\"><h3>Datensicherheit<\/h3><\/div><div class=\"right amag amcloud amlegal amjobs amacademy amacademyapp\">\n<p>Wir gehen nur mit personenbezogenen Daten um, soweit dies im Einklang mit datenschutzrechtlichen Bestimmungen m\u00f6glich ist. Wir sind dabei auch um alle notwendigen, technischen und organisatorischen Sicherheitsma\u00dfnahmen bem\u00fcht, um Ihre personenbezogenen Daten jederzeit angemessen vor unberechtigtem Zugang und Missbrauch zu sch\u00fctzen.<\/p>\n<p>Soweit wir personenbezogene Daten speichern oder verarbeiten, erfolgt das innerhalb eines Hochsicherheitsrechenzentrums. Um die Sicherheit Ihrer Daten bei der \u00dcbertragung zu sch\u00fctzen, verwenden wir Verschl\u00fcsselungsverfahren (z.B. SSL) \u00fcber HTTPS. Unsere Server sind mittels Firewall und Virenschutz gesichert. Back-up und Recovery-Verfahren sowie Rollen- und Berechtigungskonzepte sind f\u00fcr uns selbstverst\u00e4ndlich. <\/p>\n<p>Unsere Mitarbeiter sind verpflichtet, beim Umgang mit Daten die Regelungen der DSGVO und des BDSG zu beachten.<\/p>\n<\/div><div class=\"breaker amag amcloud amlegal amjobs amacademy amacademyapp amch\"><hr><\/div><div class=\"amag amcloud amlegal amjobs amacademy amacademyapp amch\"><h3>\u00c4nderung unserer Datenschutzbestimmungen<\/h3><\/div><div class=\"right amag amcloud amlegal amjobs amacademy amacademyapp amch\">\n<p>Wir behalten uns vor, diese Datenschutzerkl\u00e4rung anzupassen, damit sie stets den aktuellen rechtlichen Anforderungen entspricht oder um \u00c4nderungen unserer Leistungen in der Datenschutzerkl\u00e4rung umzusetzen, z.B. bei der Einf\u00fchrung neuer Services. F\u00fcr Ihren erneuten Besuch gilt dann die neue Datenschutzerkl\u00e4rung.<\/p>\n<p>Derzeit gilt die Version vom 18. M\u00e4rz 2026. <\/p>\n<\/div><div class=\"breaker amag amcloud amlegal amjobs amacademy amacademyapp\"><hr><\/div><div class=\"breaker amag amcloud amlegal amjobs amacademy amacademyapp\"><hr><\/div><div class=\"breaker amag amcloud amlegal amjobs amacademy amacademyapp\"><hr><\/div><div class=\"amag amcloud amlegal amjobs amacademy amacademyapp\"><h3>Information \u00fcber Ihr Widerspruchsrecht nach Art. 21 DSGVO<\/h3><\/div><div class=\"left amag amcloud amlegal amjobs amacademy amacademyapp\"><h4>Einzelfallbezogenes Widerspruchsrecht<\/h4><\/div><div class=\"right amag amcloud amlegal amjobs amacademy amacademyapp\">\n<p>Sie haben das Recht, aus Gr\u00fcnden, die sich aus Ihrer besonderen Situation ergeben, jederzeit gegen die Verarbeitung Sie betreffender personenbezogener Daten, die aufgrund Art. 6 Abs. 1 lit. f DSGVO (Datenverarbeitung auf der Grundlage einer Interessenabw\u00e4gung) erfolgt, Widerspruch einzulegen; dies gilt auch f\u00fcr ein auf diese Bestimmung gest\u00fctztes Profiling im Sinne von Art. 4 Nr. 4 DSGVO.<\/p>\n<p>Legen Sie Widerspruch ein, werden wir Ihre personenbezogenen Daten nicht mehr verarbeiten, es sei denn, wir k\u00f6nnen zwingende schutzw\u00fcrdige Gr\u00fcnde f\u00fcr die Verarbeitung nachweisen, die Ihre Interessen, Rechte und Freiheiten \u00fcberwiegen, oder die Verarbeitung dient der Geltendmachung, Aus\u00fcbung oder Verteidigung von Rechtsanspr\u00fcchen.<\/p>\n<\/div><div class=\"breaker amag amcloud amlegal amjobs amacademy amacademyapp\"><hr><\/div><div class=\"left amag amcloud amlegal amjobs amacademy amacademyapp\"><h4>Empf\u00e4nger eines Widerspruchs<\/h4><\/div><div class=\"right amlegal\">\n<p>Der Widerspruch kann formfrei mit dem Betreff \u201eWiderspruch\u201c unter Angabe Ihres Namens, Ihrer Adresse oder anderer Identifikationsmerkmale erfolgen an:<\/p>\n<p>activeMind.legal Rechtsanwaltsgesellschaft mbH<br>\nPotsdamer Stra\u00dfe 3<br>\n80802 M\u00fcnchen<br>\nE-Mail:  privacy@activemind.legal\n<\/p>\n<\/div><\/div>\t\t\t\t<\/div>\n\t\t\t\t<\/div>\n\t\t\t\t<div class=\"elementor-element elementor-element-4dd5a68 elementor-widget elementor-widget-html\" data-id=\"4dd5a68\" data-element_type=\"widget\" data-widget_type=\"html.default\">\n\t\t\t\t<div class=\"elementor-widget-container\">\n\t\t\t\t\t<script type=\"application\/javascript\">\nvar UC_UI_SUPPRESS_CMP_DISPLAY=true;\n<\/script>\t\t\t\t<\/div>\n\t\t\t\t<\/div>\n\t\t\t\t\t<\/div>\n\t\t<\/div>\n\t\t\t\t\t<\/div>\n\t\t<\/section>\n\t\t\t\t<\/div>\n\t\t","protected":false},"excerpt":{"rendered":"","protected":false},"author":1,"featured_media":0,"parent":1126,"menu_order":0,"comment_status":"closed","ping_status":"closed","template":"","meta":{"_acf_changed":false,"footnotes":""},"categories":[],"class_list":["post-1177","page","type-page","status-publish","hentry"],"acf":[],"yoast_head":"<!-- This site is optimized with the Yoast SEO plugin v27.3 - https:\/\/yoast.com\/product\/yoast-seo-wordpress\/ -->\n<title>Datenschutzhinweise | activeMind.legal<\/title>\n<meta name=\"robots\" content=\"noindex, follow\" \/>\n<meta property=\"og:locale\" content=\"de_DE\" \/>\n<meta property=\"og:type\" content=\"article\" \/>\n<meta property=\"og:title\" content=\"Datenschutzhinweise | activeMind.legal\" \/>\n<meta property=\"og:url\" content=\"https:\/\/www.activemind.legal\/de\/kanzlei\/datenschutzhinweise\/\" \/>\n<meta property=\"og:site_name\" content=\"activeMind.legal\" \/>\n<meta property=\"article:modified_time\" content=\"2023-01-12T09:15:18+00:00\" \/>\n<meta name=\"twitter:card\" content=\"summary_large_image\" \/>\n<meta name=\"twitter:label1\" content=\"Est. reading time\" \/>\n\t<meta name=\"twitter:data1\" content=\"1 minute\" \/>\n<script type=\"application\/ld+json\" class=\"yoast-schema-graph\">{\"@context\":\"https:\\\/\\\/schema.org\",\"@graph\":[{\"@type\":\"WebPage\",\"@id\":\"https:\\\/\\\/www.activemind.legal\\\/de\\\/kanzlei\\\/datenschutzhinweise\\\/\",\"url\":\"https:\\\/\\\/www.activemind.legal\\\/de\\\/kanzlei\\\/datenschutzhinweise\\\/\",\"name\":\"Datenschutzhinweise | activeMind.legal\",\"isPartOf\":{\"@id\":\"https:\\\/\\\/www.activemind.legal\\\/de\\\/#website\"},\"datePublished\":\"2022-07-21T09:55:09+00:00\",\"dateModified\":\"2023-01-12T09:15:18+00:00\",\"breadcrumb\":{\"@id\":\"https:\\\/\\\/www.activemind.legal\\\/de\\\/kanzlei\\\/datenschutzhinweise\\\/#breadcrumb\"},\"inLanguage\":\"de-DE\",\"potentialAction\":[{\"@type\":\"ReadAction\",\"target\":[\"https:\\\/\\\/www.activemind.legal\\\/de\\\/kanzlei\\\/datenschutzhinweise\\\/\"]}]},{\"@type\":\"BreadcrumbList\",\"@id\":\"https:\\\/\\\/www.activemind.legal\\\/de\\\/kanzlei\\\/datenschutzhinweise\\\/#breadcrumb\",\"itemListElement\":[{\"@type\":\"ListItem\",\"position\":1,\"name\":\"Home\",\"item\":\"https:\\\/\\\/www.activemind.legal\\\/de\\\/\"},{\"@type\":\"ListItem\",\"position\":2,\"name\":\"\u00dcber uns\",\"item\":\"https:\\\/\\\/www.activemind.legal\\\/de\\\/kanzlei\\\/\"},{\"@type\":\"ListItem\",\"position\":3,\"name\":\"Datenschutzhinweise\"}]},{\"@type\":\"WebSite\",\"@id\":\"https:\\\/\\\/www.activemind.legal\\\/de\\\/#website\",\"url\":\"https:\\\/\\\/www.activemind.legal\\\/de\\\/\",\"name\":\"activeMind.legal\",\"description\":\"\",\"publisher\":{\"@id\":\"https:\\\/\\\/www.activemind.legal\\\/de\\\/#organization\"},\"potentialAction\":[{\"@type\":\"SearchAction\",\"target\":{\"@type\":\"EntryPoint\",\"urlTemplate\":\"https:\\\/\\\/www.activemind.legal\\\/de\\\/?s={search_term_string}\"},\"query-input\":{\"@type\":\"PropertyValueSpecification\",\"valueRequired\":true,\"valueName\":\"search_term_string\"}}],\"inLanguage\":\"de-DE\"},{\"@type\":\"Organization\",\"@id\":\"https:\\\/\\\/www.activemind.legal\\\/de\\\/#organization\",\"name\":\"activeMind.legal\",\"alternateName\":\"activeMind.legal Rechtsanwaltsgesellschaft mbH\",\"url\":\"https:\\\/\\\/www.activemind.legal\\\/de\\\/\",\"logo\":{\"@type\":\"ImageObject\",\"inLanguage\":\"de-DE\",\"@id\":\"https:\\\/\\\/www.activemind.legal\\\/de\\\/#\\\/schema\\\/logo\\\/image\\\/\",\"url\":\"https:\\\/\\\/www.activemind.legal\\\/wp-content\\\/uploads\\\/activeMind-legal_logo.svg\",\"contentUrl\":\"https:\\\/\\\/www.activemind.legal\\\/wp-content\\\/uploads\\\/activeMind-legal_logo.svg\",\"caption\":\"activeMind.legal\"},\"image\":{\"@id\":\"https:\\\/\\\/www.activemind.legal\\\/de\\\/#\\\/schema\\\/logo\\\/image\\\/\"}}]}<\/script>\n<!-- \/ Yoast SEO plugin. -->","yoast_head_json":{"title":"Datenschutzhinweise | activeMind.legal","robots":{"index":"noindex","follow":"follow"},"og_locale":"de_DE","og_type":"article","og_title":"Datenschutzhinweise | activeMind.legal","og_url":"https:\/\/www.activemind.legal\/de\/kanzlei\/datenschutzhinweise\/","og_site_name":"activeMind.legal","article_modified_time":"2023-01-12T09:15:18+00:00","twitter_card":"summary_large_image","twitter_misc":{"Est. reading time":"1 minute"},"schema":{"@context":"https:\/\/schema.org","@graph":[{"@type":"WebPage","@id":"https:\/\/www.activemind.legal\/de\/kanzlei\/datenschutzhinweise\/","url":"https:\/\/www.activemind.legal\/de\/kanzlei\/datenschutzhinweise\/","name":"Datenschutzhinweise | activeMind.legal","isPartOf":{"@id":"https:\/\/www.activemind.legal\/de\/#website"},"datePublished":"2022-07-21T09:55:09+00:00","dateModified":"2023-01-12T09:15:18+00:00","breadcrumb":{"@id":"https:\/\/www.activemind.legal\/de\/kanzlei\/datenschutzhinweise\/#breadcrumb"},"inLanguage":"de-DE","potentialAction":[{"@type":"ReadAction","target":["https:\/\/www.activemind.legal\/de\/kanzlei\/datenschutzhinweise\/"]}]},{"@type":"BreadcrumbList","@id":"https:\/\/www.activemind.legal\/de\/kanzlei\/datenschutzhinweise\/#breadcrumb","itemListElement":[{"@type":"ListItem","position":1,"name":"Home","item":"https:\/\/www.activemind.legal\/de\/"},{"@type":"ListItem","position":2,"name":"\u00dcber uns","item":"https:\/\/www.activemind.legal\/de\/kanzlei\/"},{"@type":"ListItem","position":3,"name":"Datenschutzhinweise"}]},{"@type":"WebSite","@id":"https:\/\/www.activemind.legal\/de\/#website","url":"https:\/\/www.activemind.legal\/de\/","name":"activeMind.legal","description":"","publisher":{"@id":"https:\/\/www.activemind.legal\/de\/#organization"},"potentialAction":[{"@type":"SearchAction","target":{"@type":"EntryPoint","urlTemplate":"https:\/\/www.activemind.legal\/de\/?s={search_term_string}"},"query-input":{"@type":"PropertyValueSpecification","valueRequired":true,"valueName":"search_term_string"}}],"inLanguage":"de-DE"},{"@type":"Organization","@id":"https:\/\/www.activemind.legal\/de\/#organization","name":"activeMind.legal","alternateName":"activeMind.legal Rechtsanwaltsgesellschaft mbH","url":"https:\/\/www.activemind.legal\/de\/","logo":{"@type":"ImageObject","inLanguage":"de-DE","@id":"https:\/\/www.activemind.legal\/de\/#\/schema\/logo\/image\/","url":"https:\/\/www.activemind.legal\/wp-content\/uploads\/activeMind-legal_logo.svg","contentUrl":"https:\/\/www.activemind.legal\/wp-content\/uploads\/activeMind-legal_logo.svg","caption":"activeMind.legal"},"image":{"@id":"https:\/\/www.activemind.legal\/de\/#\/schema\/logo\/image\/"}}]}},"_links":{"self":[{"href":"https:\/\/www.activemind.legal\/de\/wp-json\/wp\/v2\/pages\/1177","targetHints":{"allow":["GET"]}}],"collection":[{"href":"https:\/\/www.activemind.legal\/de\/wp-json\/wp\/v2\/pages"}],"about":[{"href":"https:\/\/www.activemind.legal\/de\/wp-json\/wp\/v2\/types\/page"}],"author":[{"embeddable":true,"href":"https:\/\/www.activemind.legal\/de\/wp-json\/wp\/v2\/users\/1"}],"replies":[{"embeddable":true,"href":"https:\/\/www.activemind.legal\/de\/wp-json\/wp\/v2\/comments?post=1177"}],"version-history":[{"count":17,"href":"https:\/\/www.activemind.legal\/de\/wp-json\/wp\/v2\/pages\/1177\/revisions"}],"predecessor-version":[{"id":13505,"href":"https:\/\/www.activemind.legal\/de\/wp-json\/wp\/v2\/pages\/1177\/revisions\/13505"}],"up":[{"embeddable":true,"href":"https:\/\/www.activemind.legal\/de\/wp-json\/wp\/v2\/pages\/1126"}],"wp:attachment":[{"href":"https:\/\/www.activemind.legal\/de\/wp-json\/wp\/v2\/media?parent=1177"}],"wp:term":[{"taxonomy":"category","embeddable":true,"href":"https:\/\/www.activemind.legal\/de\/wp-json\/wp\/v2\/categories?post=1177"}],"curies":[{"name":"wp","href":"https:\/\/api.w.org\/{rel}","templated":true}]}}