{"id":1126,"date":"2022-07-21T10:31:02","date_gmt":"2022-07-21T09:31:02","guid":{"rendered":"https:\/\/amlegal.rethinkdigital.io\/?page_id=1126"},"modified":"2026-03-20T15:41:20","modified_gmt":"2026-03-20T14:41:20","slug":"kanzlei","status":"publish","type":"page","link":"https:\/\/www.activemind.legal\/de\/kanzlei\/","title":{"rendered":"\u00dcber uns"},"content":{"rendered":"\t\t<div data-elementor-type=\"wp-page\" data-elementor-id=\"1126\" class=\"elementor elementor-1126 elementor-1124\" data-elementor-post-type=\"page\">\n\t\t\t\t\t\t<section class=\"elementor-section elementor-top-section elementor-element elementor-element-4f4bf78 elementor-section-content-top elementor-section-boxed elementor-section-height-default elementor-section-height-default\" data-id=\"4f4bf78\" data-element_type=\"section\" data-settings=\"{&quot;background_background&quot;:&quot;gradient&quot;,&quot;shape_divider_bottom&quot;:&quot;waves&quot;}\">\n\t\t\t\t\t\t\t<div class=\"elementor-background-overlay\"><\/div>\n\t\t\t\t\t\t<div class=\"elementor-shape elementor-shape-bottom\" aria-hidden=\"true\" data-negative=\"false\">\n\t\t\t<svg xmlns=\"http:\/\/www.w3.org\/2000\/svg\" viewBox=\"0 0 1000 100\" preserveAspectRatio=\"none\">\n\t<path class=\"elementor-shape-fill\" d=\"M421.9,6.5c22.6-2.5,51.5,0.4,75.5,5.3c23.6,4.9,70.9,23.5,100.5,35.7c75.8,32.2,133.7,44.5,192.6,49.7\n\tc23.6,2.1,48.7,3.5,103.4-2.5c54.7-6,106.2-25.6,106.2-25.6V0H0v30.3c0,0,72,32.6,158.4,30.5c39.2-0.7,92.8-6.7,134-22.4\n\tc21.2-8.1,52.2-18.2,79.7-24.2C399.3,7.9,411.6,7.5,421.9,6.5z\"\/>\n<\/svg>\t\t<\/div>\n\t\t\t\t\t<div class=\"elementor-container elementor-column-gap-extended\">\n\t\t\t\t\t<div class=\"elementor-column elementor-col-100 elementor-top-column elementor-element elementor-element-a1cd057\" data-id=\"a1cd057\" data-element_type=\"column\">\n\t\t\t<div class=\"elementor-widget-wrap elementor-element-populated\">\n\t\t\t\t\t\t<div class=\"elementor-element elementor-element-f8983f7 elementor-widget__width-auto headline-underline elementor-widget elementor-widget-heading\" data-id=\"f8983f7\" data-element_type=\"widget\" data-widget_type=\"heading.default\">\n\t\t\t\t<div class=\"elementor-widget-container\">\n\t\t\t\t\t<h1 class=\"elementor-heading-title elementor-size-default\">\u00dcber uns<\/h1>\t\t\t\t<\/div>\n\t\t\t\t<\/div>\n\t\t\t\t<section class=\"elementor-section elementor-inner-section elementor-element elementor-element-9090a50 elementor-section-boxed elementor-section-height-default elementor-section-height-default\" data-id=\"9090a50\" data-element_type=\"section\">\n\t\t\t\t\t\t<div class=\"elementor-container elementor-column-gap-no\">\n\t\t\t\t\t<div class=\"elementor-column elementor-col-100 elementor-inner-column elementor-element elementor-element-ecad4ad\" data-id=\"ecad4ad\" data-element_type=\"column\">\n\t\t\t<div class=\"elementor-widget-wrap elementor-element-populated\">\n\t\t\t\t\t\t<div class=\"elementor-element elementor-element-d6d5d35 elementor-widget elementor-widget-breadcrumbs\" data-id=\"d6d5d35\" data-element_type=\"widget\" data-widget_type=\"breadcrumbs.default\">\n\t\t\t\t<div class=\"elementor-widget-container\">\n\t\t\t\t\t<p id=\"breadcrumbs\"><span><span><a href=\"https:\/\/www.activemind.legal\/de\/\">Home<\/a><\/span><\/span><\/p>\t\t\t\t<\/div>\n\t\t\t\t<\/div>\n\t\t\t\t\t<\/div>\n\t\t<\/div>\n\t\t\t\t\t<\/div>\n\t\t<\/section>\n\t\t\t\t<div class=\"elementor-element elementor-element-99d0a88 elementor-widget elementor-widget-text-editor\" data-id=\"99d0a88\" data-element_type=\"widget\" data-widget_type=\"text-editor.default\">\n\t\t\t\t<div class=\"elementor-widget-container\">\n\t\t\t\t\t\t\t\t\t<p>activeMind.legal Rechtsanw\u00e4lte unterst\u00fctzt Konzerne und Unternehmen aus aller Welt bei der Umsetzung des Datenschutzrechts. Mit Standorten und Partnerunternehmen in Deutschland, Gro\u00dfbritannien und der Schweiz ist unsere Kanzlei konsequent europ\u00e4isch aufgestellt.<\/p>\t\t\t\t\t\t\t\t<\/div>\n\t\t\t\t<\/div>\n\t\t\t\t\t<\/div>\n\t\t<\/div>\n\t\t\t\t\t<\/div>\n\t\t<\/section>\n\t\t\t\t<section class=\"elementor-section elementor-top-section elementor-element elementor-element-42f02c92 elementor-section-content-middle elementor-section-boxed elementor-section-height-default elementor-section-height-default\" data-id=\"42f02c92\" data-element_type=\"section\">\n\t\t\t\t\t\t<div class=\"elementor-container elementor-column-gap-wider\">\n\t\t\t\t\t<div class=\"elementor-column elementor-col-50 elementor-top-column elementor-element elementor-element-a499087\" data-id=\"a499087\" data-element_type=\"column\">\n\t\t\t<div class=\"elementor-widget-wrap elementor-element-populated\">\n\t\t\t\t\t\t<div class=\"elementor-element elementor-element-41ce9682 blob3 elementor-widget elementor-widget-image\" data-id=\"41ce9682\" data-element_type=\"widget\" data-settings=\"{&quot;motion_fx_motion_fx_scrolling&quot;:&quot;yes&quot;,&quot;motion_fx_translateY_effect&quot;:&quot;yes&quot;,&quot;motion_fx_motion_fx_mouse&quot;:&quot;yes&quot;,&quot;motion_fx_tilt_effect&quot;:&quot;yes&quot;,&quot;motion_fx_tilt_speed&quot;:{&quot;unit&quot;:&quot;px&quot;,&quot;size&quot;:1,&quot;sizes&quot;:[]},&quot;motion_fx_translateY_speed&quot;:{&quot;unit&quot;:&quot;px&quot;,&quot;size&quot;:2,&quot;sizes&quot;:[]},&quot;motion_fx_translateY_affectedRange&quot;:{&quot;unit&quot;:&quot;%&quot;,&quot;size&quot;:&quot;&quot;,&quot;sizes&quot;:{&quot;start&quot;:0,&quot;end&quot;:100}},&quot;motion_fx_devices&quot;:[&quot;desktop&quot;,&quot;laptop&quot;,&quot;tablet&quot;,&quot;mobile&quot;]}\" data-widget_type=\"image.default\">\n\t\t\t\t<div class=\"elementor-widget-container\">\n\t\t\t\t\t\t\t\t\t\t\t\t\t\t\t<img fetchpriority=\"high\" decoding=\"async\" width=\"1920\" height=\"1920\" src=\"https:\/\/www.activemind.legal\/wp-content\/uploads\/activemind-mitarbeiter-09_quadrat.jpg\" class=\"attachment-full size-full wp-image-12956\" alt=\"Mitarbeiter der Kanzlei activeMind.legal arbeiten zusammen am Laptop und besprechen einen aktuellen Datenschutzrechtfall\" srcset=\"https:\/\/www.activemind.legal\/wp-content\/uploads\/activemind-mitarbeiter-09_quadrat.jpg 1920w, https:\/\/www.activemind.legal\/wp-content\/uploads\/activemind-mitarbeiter-09_quadrat-300x300.jpg 300w, https:\/\/www.activemind.legal\/wp-content\/uploads\/activemind-mitarbeiter-09_quadrat-1024x1024.jpg 1024w, https:\/\/www.activemind.legal\/wp-content\/uploads\/activemind-mitarbeiter-09_quadrat-150x150.jpg 150w, https:\/\/www.activemind.legal\/wp-content\/uploads\/activemind-mitarbeiter-09_quadrat-768x768.jpg 768w, https:\/\/www.activemind.legal\/wp-content\/uploads\/activemind-mitarbeiter-09_quadrat-1536x1536.jpg 1536w\" sizes=\"(max-width: 1920px) 100vw, 1920px\" \/>\t\t\t\t\t\t\t\t\t\t\t\t\t\t\t<\/div>\n\t\t\t\t<\/div>\n\t\t\t\t\t<\/div>\n\t\t<\/div>\n\t\t\t\t<div class=\"elementor-column elementor-col-50 elementor-top-column elementor-element elementor-element-1739c72e\" data-id=\"1739c72e\" data-element_type=\"column\">\n\t\t\t<div class=\"elementor-widget-wrap elementor-element-populated\">\n\t\t\t\t\t\t<div class=\"elementor-element elementor-element-279294bf elementor-widget elementor-widget-heading\" data-id=\"279294bf\" data-element_type=\"widget\" data-widget_type=\"heading.default\">\n\t\t\t\t<div class=\"elementor-widget-container\">\n\t\t\t\t\t<h2 class=\"elementor-heading-title elementor-size-default\">Unsere Experten<\/h2>\t\t\t\t<\/div>\n\t\t\t\t<\/div>\n\t\t\t\t<div class=\"elementor-element elementor-element-73c132c0 elementor-widget elementor-widget-text-editor\" data-id=\"73c132c0\" data-element_type=\"widget\" data-widget_type=\"text-editor.default\">\n\t\t\t\t<div class=\"elementor-widget-container\">\n\t\t\t\t\t\t\t\t\t<p>Wir sind ein Team spezialisierter Juristen mit langj\u00e4hriger Erfahrung im Datenschutzrecht und angrenzenden Rechtsgebieten wie Informations- und IT-Sicherheit, Wettbewerbsrecht und Compliance.<\/p><p>Zusammen sprechen wir 10+ europ\u00e4ische Sprachen und kennen neben der DSGVO auch die nationalen Datenschutzgesetze der EU-Mitgliedsstaaten im Detail.<\/p>\t\t\t\t\t\t\t\t<\/div>\n\t\t\t\t<\/div>\n\t\t\t\t<div class=\"elementor-element elementor-element-6b44d5bf elementor-align-left elementor-widget elementor-widget-button\" data-id=\"6b44d5bf\" data-element_type=\"widget\" data-widget_type=\"button.default\">\n\t\t\t\t<div class=\"elementor-widget-container\">\n\t\t\t\t\t\t\t\t\t<div class=\"elementor-button-wrapper\">\n\t\t\t\t\t<a class=\"elementor-button elementor-button-link elementor-size-md\" href=\"\/de\/kanzlei\/experten\/\">\n\t\t\t\t\t\t<span class=\"elementor-button-content-wrapper\">\n\t\t\t\t\t\t\t\t\t<span class=\"elementor-button-text\">Unser Team<\/span>\n\t\t\t\t\t<\/span>\n\t\t\t\t\t<\/a>\n\t\t\t\t<\/div>\n\t\t\t\t\t\t\t\t<\/div>\n\t\t\t\t<\/div>\n\t\t\t\t\t<\/div>\n\t\t<\/div>\n\t\t\t\t\t<\/div>\n\t\t<\/section>\n\t\t\t\t<section class=\"elementor-section elementor-top-section elementor-element elementor-element-29dcb37 elementor-section-boxed elementor-section-height-default elementor-section-height-default\" data-id=\"29dcb37\" data-element_type=\"section\" data-settings=\"{&quot;background_background&quot;:&quot;classic&quot;,&quot;shape_divider_top&quot;:&quot;waves&quot;,&quot;shape_divider_bottom&quot;:&quot;waves&quot;}\">\n\t\t\t\t\t\t\t<div class=\"elementor-background-overlay\"><\/div>\n\t\t\t\t\t\t<div class=\"elementor-shape elementor-shape-top\" aria-hidden=\"true\" data-negative=\"false\">\n\t\t\t<svg xmlns=\"http:\/\/www.w3.org\/2000\/svg\" viewBox=\"0 0 1000 100\" preserveAspectRatio=\"none\">\n\t<path class=\"elementor-shape-fill\" d=\"M421.9,6.5c22.6-2.5,51.5,0.4,75.5,5.3c23.6,4.9,70.9,23.5,100.5,35.7c75.8,32.2,133.7,44.5,192.6,49.7\n\tc23.6,2.1,48.7,3.5,103.4-2.5c54.7-6,106.2-25.6,106.2-25.6V0H0v30.3c0,0,72,32.6,158.4,30.5c39.2-0.7,92.8-6.7,134-22.4\n\tc21.2-8.1,52.2-18.2,79.7-24.2C399.3,7.9,411.6,7.5,421.9,6.5z\"\/>\n<\/svg>\t\t<\/div>\n\t\t\t\t<div class=\"elementor-shape elementor-shape-bottom\" aria-hidden=\"true\" data-negative=\"false\">\n\t\t\t<svg xmlns=\"http:\/\/www.w3.org\/2000\/svg\" viewBox=\"0 0 1000 100\" preserveAspectRatio=\"none\">\n\t<path class=\"elementor-shape-fill\" d=\"M421.9,6.5c22.6-2.5,51.5,0.4,75.5,5.3c23.6,4.9,70.9,23.5,100.5,35.7c75.8,32.2,133.7,44.5,192.6,49.7\n\tc23.6,2.1,48.7,3.5,103.4-2.5c54.7-6,106.2-25.6,106.2-25.6V0H0v30.3c0,0,72,32.6,158.4,30.5c39.2-0.7,92.8-6.7,134-22.4\n\tc21.2-8.1,52.2-18.2,79.7-24.2C399.3,7.9,411.6,7.5,421.9,6.5z\"\/>\n<\/svg>\t\t<\/div>\n\t\t\t\t\t<div class=\"elementor-container elementor-column-gap-default\">\n\t\t\t\t\t<div class=\"elementor-column elementor-col-100 elementor-top-column elementor-element elementor-element-4bcb6d3\" data-id=\"4bcb6d3\" data-element_type=\"column\">\n\t\t\t<div class=\"elementor-widget-wrap elementor-element-populated\">\n\t\t\t\t\t\t<div class=\"elementor-element elementor-element-18ac02e3 elementor-widget__width-inherit elementor-widget elementor-widget-heading\" data-id=\"18ac02e3\" data-element_type=\"widget\" data-widget_type=\"heading.default\">\n\t\t\t\t<div class=\"elementor-widget-container\">\n\t\t\t\t\t<h2 class=\"elementor-heading-title elementor-size-default\">Unsere Werte <\/h2>\t\t\t\t<\/div>\n\t\t\t\t<\/div>\n\t\t\t\t<section class=\"elementor-section elementor-inner-section elementor-element elementor-element-6371ae1 elementor-section-content-middle elementor-section-boxed elementor-section-height-default elementor-section-height-default\" data-id=\"6371ae1\" data-element_type=\"section\">\n\t\t\t\t\t\t<div class=\"elementor-container elementor-column-gap-wider\">\n\t\t\t\t\t<div class=\"elementor-column elementor-col-50 elementor-inner-column elementor-element elementor-element-2a932b5\" data-id=\"2a932b5\" data-element_type=\"column\">\n\t\t\t<div class=\"elementor-widget-wrap elementor-element-populated\">\n\t\t\t\t\t\t<div class=\"elementor-element elementor-element-ffdd9c2 elementor-widget elementor-widget-heading\" data-id=\"ffdd9c2\" data-element_type=\"widget\" data-widget_type=\"heading.default\">\n\t\t\t\t<div class=\"elementor-widget-container\">\n\t\t\t\t\t<h2 class=\"elementor-heading-title elementor-size-default\">Nachgewiesene Qualit\u00e4t<\/h2>\t\t\t\t<\/div>\n\t\t\t\t<\/div>\n\t\t\t\t<div class=\"elementor-element elementor-element-128aa89 elementor-widget elementor-widget-text-editor\" data-id=\"128aa89\" data-element_type=\"widget\" data-widget_type=\"text-editor.default\">\n\t\t\t\t<div class=\"elementor-widget-container\">\n\t\t\t\t\t\t\t\t\t<p>Durch interne und externe Fortbildungen stellen wir sicher, dass unser Wissen stets auf dem neuesten und h\u00f6chsten Stand ist. Alle internen Prozesse orientieren sich an der Qualit\u00e4tsmanagementnorm ISO 9001. Wir arbeiten konsequent nach agilen Methoden wie Objects and Key Results (OKRs).<\/p>\t\t\t\t\t\t\t\t<\/div>\n\t\t\t\t<\/div>\n\t\t\t\t\t<\/div>\n\t\t<\/div>\n\t\t\t\t<div class=\"elementor-column elementor-col-50 elementor-inner-column elementor-element elementor-element-fff5daf\" data-id=\"fff5daf\" data-element_type=\"column\">\n\t\t\t<div class=\"elementor-widget-wrap elementor-element-populated\">\n\t\t\t\t\t\t<div class=\"elementor-element elementor-element-caba177 blob1 elementor-widget elementor-widget-image\" data-id=\"caba177\" data-element_type=\"widget\" data-settings=\"{&quot;motion_fx_motion_fx_scrolling&quot;:&quot;yes&quot;,&quot;motion_fx_translateY_effect&quot;:&quot;yes&quot;,&quot;motion_fx_motion_fx_mouse&quot;:&quot;yes&quot;,&quot;motion_fx_tilt_effect&quot;:&quot;yes&quot;,&quot;motion_fx_tilt_speed&quot;:{&quot;unit&quot;:&quot;px&quot;,&quot;size&quot;:1,&quot;sizes&quot;:[]},&quot;motion_fx_translateY_speed&quot;:{&quot;unit&quot;:&quot;px&quot;,&quot;size&quot;:2,&quot;sizes&quot;:[]},&quot;motion_fx_translateY_affectedRange&quot;:{&quot;unit&quot;:&quot;%&quot;,&quot;size&quot;:&quot;&quot;,&quot;sizes&quot;:{&quot;start&quot;:0,&quot;end&quot;:100}},&quot;motion_fx_devices&quot;:[&quot;desktop&quot;,&quot;laptop&quot;,&quot;tablet&quot;,&quot;mobile&quot;]}\" data-widget_type=\"image.default\">\n\t\t\t\t<div class=\"elementor-widget-container\">\n\t\t\t\t\t\t\t\t\t\t\t\t\t\t\t<img decoding=\"async\" width=\"1920\" height=\"1920\" src=\"https:\/\/www.activemind.legal\/wp-content\/uploads\/activemind-mitarbeiter-17_quadratisch.jpg\" class=\"attachment-full size-full wp-image-11714\" alt=\"Eine Mitarbeiterin der Kanzlei activeMind.legal stellt ihrem Team ein Konzept zum Datenschutz vor\" srcset=\"https:\/\/www.activemind.legal\/wp-content\/uploads\/activemind-mitarbeiter-17_quadratisch.jpg 1920w, https:\/\/www.activemind.legal\/wp-content\/uploads\/activemind-mitarbeiter-17_quadratisch-300x300.jpg 300w, https:\/\/www.activemind.legal\/wp-content\/uploads\/activemind-mitarbeiter-17_quadratisch-1024x1024.jpg 1024w, https:\/\/www.activemind.legal\/wp-content\/uploads\/activemind-mitarbeiter-17_quadratisch-150x150.jpg 150w, https:\/\/www.activemind.legal\/wp-content\/uploads\/activemind-mitarbeiter-17_quadratisch-768x768.jpg 768w, https:\/\/www.activemind.legal\/wp-content\/uploads\/activemind-mitarbeiter-17_quadratisch-1536x1536.jpg 1536w\" sizes=\"(max-width: 1920px) 100vw, 1920px\" \/>\t\t\t\t\t\t\t\t\t\t\t\t\t\t\t<\/div>\n\t\t\t\t<\/div>\n\t\t\t\t\t<\/div>\n\t\t<\/div>\n\t\t\t\t\t<\/div>\n\t\t<\/section>\n\t\t\t\t<section class=\"elementor-section elementor-inner-section elementor-element elementor-element-366c8d6 elementor-section-content-middle elementor-section-boxed elementor-section-height-default elementor-section-height-default\" data-id=\"366c8d6\" data-element_type=\"section\">\n\t\t\t\t\t\t<div class=\"elementor-container elementor-column-gap-wider\">\n\t\t\t\t\t<div class=\"elementor-column elementor-col-50 elementor-inner-column elementor-element elementor-element-1bc8bcb\" data-id=\"1bc8bcb\" data-element_type=\"column\">\n\t\t\t<div class=\"elementor-widget-wrap elementor-element-populated\">\n\t\t\t\t\t\t<div class=\"elementor-element elementor-element-5ce322c blob2 elementor-widget elementor-widget-image\" data-id=\"5ce322c\" data-element_type=\"widget\" data-settings=\"{&quot;motion_fx_motion_fx_scrolling&quot;:&quot;yes&quot;,&quot;motion_fx_translateY_effect&quot;:&quot;yes&quot;,&quot;motion_fx_motion_fx_mouse&quot;:&quot;yes&quot;,&quot;motion_fx_tilt_effect&quot;:&quot;yes&quot;,&quot;motion_fx_tilt_speed&quot;:{&quot;unit&quot;:&quot;px&quot;,&quot;size&quot;:1,&quot;sizes&quot;:[]},&quot;motion_fx_translateY_speed&quot;:{&quot;unit&quot;:&quot;px&quot;,&quot;size&quot;:2,&quot;sizes&quot;:[]},&quot;motion_fx_translateY_affectedRange&quot;:{&quot;unit&quot;:&quot;%&quot;,&quot;size&quot;:&quot;&quot;,&quot;sizes&quot;:{&quot;start&quot;:0,&quot;end&quot;:100}},&quot;motion_fx_devices&quot;:[&quot;desktop&quot;,&quot;laptop&quot;,&quot;tablet&quot;,&quot;mobile&quot;]}\" data-widget_type=\"image.default\">\n\t\t\t\t<div class=\"elementor-widget-container\">\n\t\t\t\t\t\t\t\t\t\t\t\t\t\t\t<img decoding=\"async\" width=\"1920\" height=\"1920\" src=\"https:\/\/www.activemind.legal\/wp-content\/uploads\/activemind-mitarbeiter-15_quadratisch.jpg\" class=\"attachment-full size-full wp-image-11710\" alt=\"Ein Mitarbeiter von activeMInd.legal pr\u00fcft die technischen und orgaanisatorischen Ma\u00dfnahmen in einem Rechenzentrum\" srcset=\"https:\/\/www.activemind.legal\/wp-content\/uploads\/activemind-mitarbeiter-15_quadratisch.jpg 1920w, https:\/\/www.activemind.legal\/wp-content\/uploads\/activemind-mitarbeiter-15_quadratisch-300x300.jpg 300w, https:\/\/www.activemind.legal\/wp-content\/uploads\/activemind-mitarbeiter-15_quadratisch-1024x1024.jpg 1024w, https:\/\/www.activemind.legal\/wp-content\/uploads\/activemind-mitarbeiter-15_quadratisch-150x150.jpg 150w, https:\/\/www.activemind.legal\/wp-content\/uploads\/activemind-mitarbeiter-15_quadratisch-768x768.jpg 768w, https:\/\/www.activemind.legal\/wp-content\/uploads\/activemind-mitarbeiter-15_quadratisch-1536x1536.jpg 1536w\" sizes=\"(max-width: 1920px) 100vw, 1920px\" \/>\t\t\t\t\t\t\t\t\t\t\t\t\t\t\t<\/div>\n\t\t\t\t<\/div>\n\t\t\t\t\t<\/div>\n\t\t<\/div>\n\t\t\t\t<div class=\"elementor-column elementor-col-50 elementor-inner-column elementor-element elementor-element-086babe\" data-id=\"086babe\" data-element_type=\"column\">\n\t\t\t<div class=\"elementor-widget-wrap elementor-element-populated\">\n\t\t\t\t\t\t<div class=\"elementor-element elementor-element-1fffb43 elementor-widget elementor-widget-heading\" data-id=\"1fffb43\" data-element_type=\"widget\" data-widget_type=\"heading.default\">\n\t\t\t\t<div class=\"elementor-widget-container\">\n\t\t\t\t\t<h2 class=\"elementor-heading-title elementor-size-default\">Gelebte Compliance<\/h2>\t\t\t\t<\/div>\n\t\t\t\t<\/div>\n\t\t\t\t<div class=\"elementor-element elementor-element-24e493a elementor-widget elementor-widget-text-editor\" data-id=\"24e493a\" data-element_type=\"widget\" data-widget_type=\"text-editor.default\">\n\t\t\t\t<div class=\"elementor-widget-container\">\n\t\t\t\t\t\t\t\t\t<p>Wir leben Compliance und arbeiten nach Normen als Teil unserer Unternehmenskultur: F\u00fcr unsere Kanzlei ist ein Ergebnis nach TISAX verf\u00fcgbar und unser Compliance-Management-System ist nach nach ISO 37301 zertifiziert (<a href=\"https:\/\/www.activemind.legal\/download\/iso-37301-zertifikat-muenchen\/\">Zertifikat als PDF<\/a>).<\/p><p>Durch unser zertifiziertes Partnerunternehmen activeMind AG sind wir zudem mit einer ISMS-Zertifizierung nach ISO 27001 vertraut.\u00a0<\/p><p>Die Spezialisten unseres Teams verf\u00fcgen \u00fcber zahlreiche Zertifizierungen im Bereich Datenschutz, Informationssicherheit, Compliance und k\u00fcnstliche Intelligenz.\u00a0<\/p>\t\t\t\t\t\t\t\t<\/div>\n\t\t\t\t<\/div>\n\t\t<div class=\"elementor-element elementor-element-5f64555 e-flex e-con-boxed e-con e-parent\" data-id=\"5f64555\" data-element_type=\"container\">\n\t\t\t\t\t<div class=\"e-con-inner\">\n\t\t<div class=\"elementor-element elementor-element-d2653c5 e-con-full e-flex e-con e-child\" data-id=\"d2653c5\" data-element_type=\"container\">\n\t\t\t\t<div class=\"elementor-element elementor-element-2632bb2 elementor-widget elementor-widget-image\" data-id=\"2632bb2\" data-element_type=\"widget\" data-widget_type=\"image.default\">\n\t\t\t\t<div class=\"elementor-widget-container\">\n\t\t\t\t\t\t\t\t\t\t\t\t\t\t\t<img decoding=\"async\" src=\"https:\/\/storage.activemind.legal\/wp-am-legal-cdn\/wp-content\/uploads\/DQS-Siegel-Zertifiziertes-Managementsystem-ISO-37301.svg\" title=\"\" alt=\"\" loading=\"lazy\" \/>\t\t\t\t\t\t\t\t\t\t\t\t\t\t\t<\/div>\n\t\t\t\t<\/div>\n\t\t\t\t<\/div>\n\t\t<div class=\"elementor-element elementor-element-65bfbe1 e-con-full e-flex e-con e-child\" data-id=\"65bfbe1\" data-element_type=\"container\">\n\t\t\t\t<div class=\"elementor-element elementor-element-b472247 elementor-widget elementor-widget-image\" data-id=\"b472247\" data-element_type=\"widget\" data-widget_type=\"image.default\">\n\t\t\t\t<div class=\"elementor-widget-container\">\n\t\t\t\t\t\t\t\t\t\t\t\t\t\t\t<img decoding=\"async\" src=\"https:\/\/storage.activemind.legal\/wp-am-legal-cdn\/wp-content\/uploads\/activemind-tisax-logo.svg\" title=\"\" alt=\"\" loading=\"lazy\" \/>\t\t\t\t\t\t\t\t\t\t\t\t\t\t\t<\/div>\n\t\t\t\t<\/div>\n\t\t\t\t<\/div>\n\t\t<div class=\"elementor-element elementor-element-5f63b3e e-con-full e-flex e-con e-child\" data-id=\"5f63b3e\" data-element_type=\"container\">\n\t\t\t\t<div class=\"elementor-element elementor-element-6e35a4e elementor-widget elementor-widget-image\" data-id=\"6e35a4e\" data-element_type=\"widget\" data-widget_type=\"image.default\">\n\t\t\t\t<div class=\"elementor-widget-container\">\n\t\t\t\t\t\t\t\t\t\t\t\t\t\t\t<img decoding=\"async\" src=\"https:\/\/storage.activemind.legal\/wp-am-legal-cdn\/wp-content\/uploads\/CIPP-E_Seal_2013-1.png\" title=\"\" alt=\"\" loading=\"lazy\" \/>\t\t\t\t\t\t\t\t\t\t\t\t\t\t\t<\/div>\n\t\t\t\t<\/div>\n\t\t\t\t<\/div>\n\t\t\t\t\t<\/div>\n\t\t\t\t<\/div>\n\t\t\t\t\t<\/div>\n\t\t<\/div>\n\t\t\t\t\t<\/div>\n\t\t<\/section>\n\t\t\t\t<section class=\"elementor-section elementor-inner-section elementor-element elementor-element-3f9d92d elementor-section-content-middle elementor-section-boxed elementor-section-height-default elementor-section-height-default\" data-id=\"3f9d92d\" data-element_type=\"section\">\n\t\t\t\t\t\t<div class=\"elementor-container elementor-column-gap-wider\">\n\t\t\t\t\t<div class=\"elementor-column elementor-col-50 elementor-inner-column elementor-element elementor-element-eb7dcc9\" data-id=\"eb7dcc9\" data-element_type=\"column\">\n\t\t\t<div class=\"elementor-widget-wrap elementor-element-populated\">\n\t\t\t\t\t\t<div class=\"elementor-element elementor-element-98e31d9 elementor-widget elementor-widget-heading\" data-id=\"98e31d9\" data-element_type=\"widget\" data-widget_type=\"heading.default\">\n\t\t\t\t<div class=\"elementor-widget-container\">\n\t\t\t\t\t<h2 class=\"elementor-heading-title elementor-size-default\">Echte Bef\u00e4higung<\/h2>\t\t\t\t<\/div>\n\t\t\t\t<\/div>\n\t\t\t\t<div class=\"elementor-element elementor-element-daca81a elementor-widget elementor-widget-text-editor\" data-id=\"daca81a\" data-element_type=\"widget\" data-widget_type=\"text-editor.default\">\n\t\t\t\t<div class=\"elementor-widget-container\">\n\t\t\t\t\t\t\t\t\t<p>Wir verstehen uns als Enabler. Unser Ziel ist es stets, Gesch\u00e4ftsmodelle und Wertsch\u00f6pfungsketten unserer Mandanten rechtskonform zu erm\u00f6glichen. So schaffen wir echte Mehrwerte und Wettbewerbsvorteile f\u00fcr unsere Gesch\u00e4ftspartner.<\/p>\t\t\t\t\t\t\t\t<\/div>\n\t\t\t\t<\/div>\n\t\t\t\t\t<\/div>\n\t\t<\/div>\n\t\t\t\t<div class=\"elementor-column elementor-col-50 elementor-inner-column elementor-element elementor-element-b6519cf\" data-id=\"b6519cf\" data-element_type=\"column\">\n\t\t\t<div class=\"elementor-widget-wrap elementor-element-populated\">\n\t\t\t\t\t\t<div class=\"elementor-element elementor-element-5ee1fb7 blob3 elementor-widget elementor-widget-image\" data-id=\"5ee1fb7\" data-element_type=\"widget\" data-settings=\"{&quot;motion_fx_motion_fx_scrolling&quot;:&quot;yes&quot;,&quot;motion_fx_translateY_effect&quot;:&quot;yes&quot;,&quot;motion_fx_motion_fx_mouse&quot;:&quot;yes&quot;,&quot;motion_fx_tilt_effect&quot;:&quot;yes&quot;,&quot;motion_fx_tilt_speed&quot;:{&quot;unit&quot;:&quot;px&quot;,&quot;size&quot;:1,&quot;sizes&quot;:[]},&quot;motion_fx_translateY_speed&quot;:{&quot;unit&quot;:&quot;px&quot;,&quot;size&quot;:2,&quot;sizes&quot;:[]},&quot;motion_fx_translateY_affectedRange&quot;:{&quot;unit&quot;:&quot;%&quot;,&quot;size&quot;:&quot;&quot;,&quot;sizes&quot;:{&quot;start&quot;:0,&quot;end&quot;:100}},&quot;motion_fx_devices&quot;:[&quot;desktop&quot;,&quot;laptop&quot;,&quot;tablet&quot;,&quot;mobile&quot;]}\" data-widget_type=\"image.default\">\n\t\t\t\t<div class=\"elementor-widget-container\">\n\t\t\t\t\t\t\t\t\t\t\t\t\t\t\t<img loading=\"lazy\" decoding=\"async\" width=\"1920\" height=\"1920\" src=\"https:\/\/www.activemind.legal\/wp-content\/uploads\/activemind-mitarbeiter-18_quadratisch.jpg\" class=\"attachment-full size-full wp-image-11704\" alt=\"\" srcset=\"https:\/\/www.activemind.legal\/wp-content\/uploads\/activemind-mitarbeiter-18_quadratisch.jpg 1920w, https:\/\/www.activemind.legal\/wp-content\/uploads\/activemind-mitarbeiter-18_quadratisch-300x300.jpg 300w, https:\/\/www.activemind.legal\/wp-content\/uploads\/activemind-mitarbeiter-18_quadratisch-1024x1024.jpg 1024w, https:\/\/www.activemind.legal\/wp-content\/uploads\/activemind-mitarbeiter-18_quadratisch-150x150.jpg 150w, https:\/\/www.activemind.legal\/wp-content\/uploads\/activemind-mitarbeiter-18_quadratisch-768x768.jpg 768w, https:\/\/www.activemind.legal\/wp-content\/uploads\/activemind-mitarbeiter-18_quadratisch-1536x1536.jpg 1536w\" sizes=\"(max-width: 1920px) 100vw, 1920px\" title=\"activemind-mitarbeiter-18_quadratisch\" \/>\t\t\t\t\t\t\t\t\t\t\t\t\t\t\t<\/div>\n\t\t\t\t<\/div>\n\t\t\t\t\t<\/div>\n\t\t<\/div>\n\t\t\t\t\t<\/div>\n\t\t<\/section>\n\t\t\t\t<section class=\"elementor-section elementor-inner-section elementor-element elementor-element-68f15aa elementor-section-content-middle elementor-section-boxed elementor-section-height-default elementor-section-height-default\" data-id=\"68f15aa\" data-element_type=\"section\">\n\t\t\t\t\t\t<div class=\"elementor-container elementor-column-gap-wider\">\n\t\t\t\t\t<div class=\"elementor-column elementor-col-50 elementor-inner-column elementor-element elementor-element-09401eb\" data-id=\"09401eb\" data-element_type=\"column\">\n\t\t\t<div class=\"elementor-widget-wrap elementor-element-populated\">\n\t\t\t\t\t\t<div class=\"elementor-element elementor-element-3f4093c blob2 elementor-widget elementor-widget-image\" data-id=\"3f4093c\" data-element_type=\"widget\" data-settings=\"{&quot;motion_fx_motion_fx_scrolling&quot;:&quot;yes&quot;,&quot;motion_fx_translateY_effect&quot;:&quot;yes&quot;,&quot;motion_fx_motion_fx_mouse&quot;:&quot;yes&quot;,&quot;motion_fx_tilt_effect&quot;:&quot;yes&quot;,&quot;motion_fx_tilt_speed&quot;:{&quot;unit&quot;:&quot;px&quot;,&quot;size&quot;:1,&quot;sizes&quot;:[]},&quot;motion_fx_translateY_speed&quot;:{&quot;unit&quot;:&quot;px&quot;,&quot;size&quot;:2,&quot;sizes&quot;:[]},&quot;motion_fx_translateY_affectedRange&quot;:{&quot;unit&quot;:&quot;%&quot;,&quot;size&quot;:&quot;&quot;,&quot;sizes&quot;:{&quot;start&quot;:0,&quot;end&quot;:100}},&quot;motion_fx_devices&quot;:[&quot;desktop&quot;,&quot;laptop&quot;,&quot;tablet&quot;,&quot;mobile&quot;]}\" data-widget_type=\"image.default\">\n\t\t\t\t<div class=\"elementor-widget-container\">\n\t\t\t\t\t\t\t\t\t\t\t\t\t\t\t<img loading=\"lazy\" decoding=\"async\" width=\"1920\" height=\"1920\" src=\"https:\/\/www.activemind.legal\/wp-content\/uploads\/activemind-mitarbeiter-16_quadratisch.jpg\" class=\"attachment-full size-full wp-image-3881\" alt=\"Zwei Mitarbeiter von activeMind besprechen einen aktuellen Fall\" srcset=\"https:\/\/www.activemind.legal\/wp-content\/uploads\/activemind-mitarbeiter-16_quadratisch.jpg 1920w, https:\/\/www.activemind.legal\/wp-content\/uploads\/activemind-mitarbeiter-16_quadratisch-300x300.jpg 300w, https:\/\/www.activemind.legal\/wp-content\/uploads\/activemind-mitarbeiter-16_quadratisch-1024x1024.jpg 1024w, https:\/\/www.activemind.legal\/wp-content\/uploads\/activemind-mitarbeiter-16_quadratisch-150x150.jpg 150w, https:\/\/www.activemind.legal\/wp-content\/uploads\/activemind-mitarbeiter-16_quadratisch-768x768.jpg 768w, https:\/\/www.activemind.legal\/wp-content\/uploads\/activemind-mitarbeiter-16_quadratisch-1536x1536.jpg 1536w\" sizes=\"(max-width: 1920px) 100vw, 1920px\" \/>\t\t\t\t\t\t\t\t\t\t\t\t\t\t\t<\/div>\n\t\t\t\t<\/div>\n\t\t\t\t\t<\/div>\n\t\t<\/div>\n\t\t\t\t<div class=\"elementor-column elementor-col-50 elementor-inner-column elementor-element elementor-element-70ed936\" data-id=\"70ed936\" data-element_type=\"column\">\n\t\t\t<div class=\"elementor-widget-wrap elementor-element-populated\">\n\t\t\t\t\t\t<div class=\"elementor-element elementor-element-e0a3fc1 elementor-widget elementor-widget-heading\" data-id=\"e0a3fc1\" data-element_type=\"widget\" data-widget_type=\"heading.default\">\n\t\t\t\t<div class=\"elementor-widget-container\">\n\t\t\t\t\t<h2 class=\"elementor-heading-title elementor-size-default\">Fairness und Verantwortung <\/h2>\t\t\t\t<\/div>\n\t\t\t\t<\/div>\n\t\t\t\t<div class=\"elementor-element elementor-element-5297916 elementor-widget elementor-widget-text-editor\" data-id=\"5297916\" data-element_type=\"widget\" data-widget_type=\"text-editor.default\">\n\t\t\t\t<div class=\"elementor-widget-container\">\n\t\t\t\t\t\t\t\t\t<p>Wir f\u00f6rdern Mitarbeiter, Lieferanten und Mandanten, indem wir in Wissen, gute Arbeitsbedingungen und Innovationen investieren. Wir leben Transparenz \u00fcber alle Unternehmensziele und unterst\u00fctzen soziale Belange nach den W\u00fcnschen unserer Besch\u00e4ftigten.<\/p>\t\t\t\t\t\t\t\t<\/div>\n\t\t\t\t<\/div>\n\t\t\t\t\t<\/div>\n\t\t<\/div>\n\t\t\t\t\t<\/div>\n\t\t<\/section>\n\t\t\t\t\t<\/div>\n\t\t<\/div>\n\t\t\t\t\t<\/div>\n\t\t<\/section>\n\t\t\t\t<section class=\"elementor-section elementor-top-section elementor-element elementor-element-e82ebe7 elementor-section-content-middle elementor-section-boxed elementor-section-height-default elementor-section-height-default\" data-id=\"e82ebe7\" data-element_type=\"section\">\n\t\t\t\t\t\t<div class=\"elementor-container elementor-column-gap-no\">\n\t\t\t\t\t<div class=\"elementor-column elementor-col-100 elementor-top-column elementor-element elementor-element-5e6fa3f\" data-id=\"5e6fa3f\" data-element_type=\"column\">\n\t\t\t<div class=\"elementor-widget-wrap elementor-element-populated\">\n\t\t\t\t\t\t<div class=\"elementor-element elementor-element-ac1eced elementor-widget__width-auto headline-underline elementor-widget elementor-widget-heading\" data-id=\"ac1eced\" data-element_type=\"widget\" data-widget_type=\"heading.default\">\n\t\t\t\t<div class=\"elementor-widget-container\">\n\t\t\t\t\t<h2 class=\"elementor-heading-title elementor-size-default\">Die Geschichte der activeMind<\/h2>\t\t\t\t<\/div>\n\t\t\t\t<\/div>\n\t\t\t\t<section class=\"elementor-section elementor-inner-section elementor-element elementor-element-ae1c89a elementor-section-boxed elementor-section-height-default elementor-section-height-default\" data-id=\"ae1c89a\" data-element_type=\"section\">\n\t\t\t\t\t\t<div class=\"elementor-container elementor-column-gap-default\">\n\t\t\t\t\t<div class=\"elementor-column elementor-col-100 elementor-inner-column elementor-element elementor-element-8dfe14d kl-time-scale\" data-id=\"8dfe14d\" data-element_type=\"column\">\n\t\t\t<div class=\"elementor-widget-wrap elementor-element-populated\">\n\t\t\t\t\t\t<div class=\"elementor-element elementor-element-dceb5b8 elementor-position-left elementor-view-default elementor-mobile-position-top elementor-widget elementor-widget-icon-box\" data-id=\"dceb5b8\" data-element_type=\"widget\" data-widget_type=\"icon-box.default\">\n\t\t\t\t<div class=\"elementor-widget-container\">\n\t\t\t\t\t\t\t<div class=\"elementor-icon-box-wrapper\">\n\n\t\t\t\t\t\t<div class=\"elementor-icon-box-icon\">\n\t\t\t\t<span  class=\"elementor-icon\">\n\t\t\t\t<svg aria-hidden=\"true\" class=\"e-font-icon-svg e-far-circle\" viewBox=\"0 0 512 512\" xmlns=\"http:\/\/www.w3.org\/2000\/svg\"><path d=\"M256 8C119 8 8 119 8 256s111 248 248 248 248-111 248-248S393 8 256 8zm0 448c-110.5 0-200-89.5-200-200S145.5 56 256 56s200 89.5 200 200-89.5 200-200 200z\"><\/path><\/svg>\t\t\t\t<\/span>\n\t\t\t<\/div>\n\t\t\t\n\t\t\t\t\t\t<div class=\"elementor-icon-box-content\">\n\n\t\t\t\t\t\t\t\t\t<h3 class=\"elementor-icon-box-title\">\n\t\t\t\t\t\t<span  >\n\t\t\t\t\t\t\t2025\t\t\t\t\t\t<\/span>\n\t\t\t\t\t<\/h3>\n\t\t\t\t\n\t\t\t\t\t\t\t\t\t<p class=\"elementor-icon-box-description\">\n\t\t\t\t\t\tMit einem eigenen <strong>Compliance-Portal activeMind.cloud<\/strong> denken wir die Digitalisierung des Rechtswesens konsequent weiter. Unsere intern bereits l\u00e4nger eingesetzte SaaS-L\u00f6sung steht jetzt allen Unternehmen zur Verf\u00fcgung, um das Management von Compliance, Datenschutz, Informationssicherheit und Whistleblowing zu optimieren. \t\t\t\t\t<\/p>\n\t\t\t\t\n\t\t\t<\/div>\n\t\t\t\n\t\t<\/div>\n\t\t\t\t\t\t<\/div>\n\t\t\t\t<\/div>\n\t\t\t\t<div class=\"elementor-element elementor-element-6325f60 elementor-position-left elementor-view-default elementor-mobile-position-top elementor-widget elementor-widget-icon-box\" data-id=\"6325f60\" data-element_type=\"widget\" data-widget_type=\"icon-box.default\">\n\t\t\t\t<div class=\"elementor-widget-container\">\n\t\t\t\t\t\t\t<div class=\"elementor-icon-box-wrapper\">\n\n\t\t\t\t\t\t<div class=\"elementor-icon-box-icon\">\n\t\t\t\t<span  class=\"elementor-icon\">\n\t\t\t\t<svg aria-hidden=\"true\" class=\"e-font-icon-svg e-far-circle\" viewBox=\"0 0 512 512\" xmlns=\"http:\/\/www.w3.org\/2000\/svg\"><path d=\"M256 8C119 8 8 119 8 256s111 248 248 248 248-111 248-248S393 8 256 8zm0 448c-110.5 0-200-89.5-200-200S145.5 56 256 56s200 89.5 200 200-89.5 200-200 200z\"><\/path><\/svg>\t\t\t\t<\/span>\n\t\t\t<\/div>\n\t\t\t\n\t\t\t\t\t\t<div class=\"elementor-icon-box-content\">\n\n\t\t\t\t\t\t\t\t\t<h3 class=\"elementor-icon-box-title\">\n\t\t\t\t\t\t<span  >\n\t\t\t\t\t\t\t2024\t\t\t\t\t\t<\/span>\n\t\t\t\t\t<\/h3>\n\t\t\t\t\n\t\t\t\t\t\t\t\t\t<p class=\"elementor-icon-box-description\">\n\t\t\t\t\t\tDie activeMind AG ber\u00e4t nun auch zur strategischen Einf\u00fchrung von <strong>k\u00fcnstlicher Intelligenz (KI)<\/strong> im Unternehmen und f\u00fchrt zur  <strong>Zertifizierung nach ISO 42001<\/strong>. Gem\u00e4\u00df unseren Werten probieren wir intern alles selbst aus und implementieren KI-Tools zunehmend in unser Legal-Tech. \t\t\t\t\t<\/p>\n\t\t\t\t\n\t\t\t<\/div>\n\t\t\t\n\t\t<\/div>\n\t\t\t\t\t\t<\/div>\n\t\t\t\t<\/div>\n\t\t\t\t<div class=\"elementor-element elementor-element-64a18bf elementor-position-left elementor-view-default elementor-mobile-position-top elementor-widget elementor-widget-icon-box\" data-id=\"64a18bf\" data-element_type=\"widget\" data-widget_type=\"icon-box.default\">\n\t\t\t\t<div class=\"elementor-widget-container\">\n\t\t\t\t\t\t\t<div class=\"elementor-icon-box-wrapper\">\n\n\t\t\t\t\t\t<div class=\"elementor-icon-box-icon\">\n\t\t\t\t<span  class=\"elementor-icon\">\n\t\t\t\t<svg aria-hidden=\"true\" class=\"e-font-icon-svg e-far-circle\" viewBox=\"0 0 512 512\" xmlns=\"http:\/\/www.w3.org\/2000\/svg\"><path d=\"M256 8C119 8 8 119 8 256s111 248 248 248 248-111 248-248S393 8 256 8zm0 448c-110.5 0-200-89.5-200-200S145.5 56 256 56s200 89.5 200 200-89.5 200-200 200z\"><\/path><\/svg>\t\t\t\t<\/span>\n\t\t\t<\/div>\n\t\t\t\n\t\t\t\t\t\t<div class=\"elementor-icon-box-content\">\n\n\t\t\t\t\t\t\t\t\t<h3 class=\"elementor-icon-box-title\">\n\t\t\t\t\t\t<span  >\n\t\t\t\t\t\t\t2023\t\t\t\t\t\t<\/span>\n\t\t\t\t\t<\/h3>\n\t\t\t\t\n\t\t\t\t\t\t\t\t\t<p class=\"elementor-icon-box-description\">\n\t\t\t\t\t\tactiveMind.legal Rechtsanw\u00e4lte bietet nun auch eine <strong>Whistleblowing-Ombudsperson mit eigenem Hinweisgebersystem<\/strong> an, so dass unsere Kunden Compliance mit dem deutschen Hinweisgeberschutzgesetz (HinSchG) erreichen. \t\t\t\t\t<\/p>\n\t\t\t\t\n\t\t\t<\/div>\n\t\t\t\n\t\t<\/div>\n\t\t\t\t\t\t<\/div>\n\t\t\t\t<\/div>\n\t\t\t\t<div class=\"elementor-element elementor-element-7bbd536 elementor-position-left elementor-view-default elementor-mobile-position-top elementor-widget elementor-widget-icon-box\" data-id=\"7bbd536\" data-element_type=\"widget\" data-widget_type=\"icon-box.default\">\n\t\t\t\t<div class=\"elementor-widget-container\">\n\t\t\t\t\t\t\t<div class=\"elementor-icon-box-wrapper\">\n\n\t\t\t\t\t\t<div class=\"elementor-icon-box-icon\">\n\t\t\t\t<span  class=\"elementor-icon\">\n\t\t\t\t<svg aria-hidden=\"true\" class=\"e-font-icon-svg e-far-circle\" viewBox=\"0 0 512 512\" xmlns=\"http:\/\/www.w3.org\/2000\/svg\"><path d=\"M256 8C119 8 8 119 8 256s111 248 248 248 248-111 248-248S393 8 256 8zm0 448c-110.5 0-200-89.5-200-200S145.5 56 256 56s200 89.5 200 200-89.5 200-200 200z\"><\/path><\/svg>\t\t\t\t<\/span>\n\t\t\t<\/div>\n\t\t\t\n\t\t\t\t\t\t<div class=\"elementor-icon-box-content\">\n\n\t\t\t\t\t\t\t\t\t<h3 class=\"elementor-icon-box-title\">\n\t\t\t\t\t\t<span  >\n\t\t\t\t\t\t\t2022\t\t\t\t\t\t<\/span>\n\t\t\t\t\t<\/h3>\n\t\t\t\t\n\t\t\t\t\t\t\t\t\t<p class=\"elementor-icon-box-description\">\n\t\t\t\t\t\tMit <strong>activeMind.ch<\/strong> expandieren wir in die Schweiz, um dortige Unternehmen noch besser bei allen Fragen zum eidgen\u00f6ssischen und europ\u00e4ischen Datenschutzrecht unterst\u00fctzen zu k\u00f6nnen. \t\t\t\t\t<\/p>\n\t\t\t\t\n\t\t\t<\/div>\n\t\t\t\n\t\t<\/div>\n\t\t\t\t\t\t<\/div>\n\t\t\t\t<\/div>\n\t\t\t\t<div class=\"elementor-element elementor-element-71b56e5 elementor-position-left elementor-view-default elementor-mobile-position-top elementor-widget elementor-widget-icon-box\" data-id=\"71b56e5\" data-element_type=\"widget\" data-widget_type=\"icon-box.default\">\n\t\t\t\t<div class=\"elementor-widget-container\">\n\t\t\t\t\t\t\t<div class=\"elementor-icon-box-wrapper\">\n\n\t\t\t\t\t\t<div class=\"elementor-icon-box-icon\">\n\t\t\t\t<span  class=\"elementor-icon\">\n\t\t\t\t<svg aria-hidden=\"true\" class=\"e-font-icon-svg e-far-circle\" viewBox=\"0 0 512 512\" xmlns=\"http:\/\/www.w3.org\/2000\/svg\"><path d=\"M256 8C119 8 8 119 8 256s111 248 248 248 248-111 248-248S393 8 256 8zm0 448c-110.5 0-200-89.5-200-200S145.5 56 256 56s200 89.5 200 200-89.5 200-200 200z\"><\/path><\/svg>\t\t\t\t<\/span>\n\t\t\t<\/div>\n\t\t\t\n\t\t\t\t\t\t<div class=\"elementor-icon-box-content\">\n\n\t\t\t\t\t\t\t\t\t<h3 class=\"elementor-icon-box-title\">\n\t\t\t\t\t\t<span  >\n\t\t\t\t\t\t\t2020\t\t\t\t\t\t<\/span>\n\t\t\t\t\t<\/h3>\n\t\t\t\t\n\t\t\t\t\t\t\t\t\t<p class=\"elementor-icon-box-description\">\n\t\t\t\t\t\tAuf unserer <strong>Lernplattform activeMind.academy<\/strong> k\u00f6nnen Unternehmen ihre Mitarbeiter jetzt online zur DSGVO, zum BDSG und zur Informationssicherheit schulen. \t\t\t\t\t<\/p>\n\t\t\t\t\n\t\t\t<\/div>\n\t\t\t\n\t\t<\/div>\n\t\t\t\t\t\t<\/div>\n\t\t\t\t<\/div>\n\t\t\t\t<div class=\"elementor-element elementor-element-755bf26 elementor-position-left elementor-view-default elementor-mobile-position-top elementor-widget elementor-widget-icon-box\" data-id=\"755bf26\" data-element_type=\"widget\" data-widget_type=\"icon-box.default\">\n\t\t\t\t<div class=\"elementor-widget-container\">\n\t\t\t\t\t\t\t<div class=\"elementor-icon-box-wrapper\">\n\n\t\t\t\t\t\t<div class=\"elementor-icon-box-icon\">\n\t\t\t\t<span  class=\"elementor-icon\">\n\t\t\t\t<svg aria-hidden=\"true\" class=\"e-font-icon-svg e-far-circle\" viewBox=\"0 0 512 512\" xmlns=\"http:\/\/www.w3.org\/2000\/svg\"><path d=\"M256 8C119 8 8 119 8 256s111 248 248 248 248-111 248-248S393 8 256 8zm0 448c-110.5 0-200-89.5-200-200S145.5 56 256 56s200 89.5 200 200-89.5 200-200 200z\"><\/path><\/svg>\t\t\t\t<\/span>\n\t\t\t<\/div>\n\t\t\t\n\t\t\t\t\t\t<div class=\"elementor-icon-box-content\">\n\n\t\t\t\t\t\t\t\t\t<h3 class=\"elementor-icon-box-title\">\n\t\t\t\t\t\t<span  >\n\t\t\t\t\t\t\t2019\t\t\t\t\t\t<\/span>\n\t\t\t\t\t<\/h3>\n\t\t\t\t\n\t\t\t\t\t\t\t\t\t<p class=\"elementor-icon-box-description\">\n\t\t\t\t\t\tWir gr\u00fcnden die <strong>activeMind.legal UK Ltd. mit B\u00fcro in London<\/strong>. Ab sofort helfen wir Unternehmen beidseits des \u00c4rmelkanals bei der datenschutzrechtlichen Vorbereitung auf den Brexit und stellen nach dem EU-Austritt des Vereinigten K\u00f6nigreichs f\u00fcr Unternehmen aus der EU die notwendigen UK-Vertreter. \t\t\t\t\t<\/p>\n\t\t\t\t\n\t\t\t<\/div>\n\t\t\t\n\t\t<\/div>\n\t\t\t\t\t\t<\/div>\n\t\t\t\t<\/div>\n\t\t\t\t<div class=\"elementor-element elementor-element-3baf179 elementor-position-left elementor-view-default elementor-mobile-position-top elementor-widget elementor-widget-icon-box\" data-id=\"3baf179\" data-element_type=\"widget\" data-widget_type=\"icon-box.default\">\n\t\t\t\t<div class=\"elementor-widget-container\">\n\t\t\t\t\t\t\t<div class=\"elementor-icon-box-wrapper\">\n\n\t\t\t\t\t\t<div class=\"elementor-icon-box-icon\">\n\t\t\t\t<span  class=\"elementor-icon\">\n\t\t\t\t<svg aria-hidden=\"true\" class=\"e-font-icon-svg e-far-circle\" viewBox=\"0 0 512 512\" xmlns=\"http:\/\/www.w3.org\/2000\/svg\"><path d=\"M256 8C119 8 8 119 8 256s111 248 248 248 248-111 248-248S393 8 256 8zm0 448c-110.5 0-200-89.5-200-200S145.5 56 256 56s200 89.5 200 200-89.5 200-200 200z\"><\/path><\/svg>\t\t\t\t<\/span>\n\t\t\t<\/div>\n\t\t\t\n\t\t\t\t\t\t<div class=\"elementor-icon-box-content\">\n\n\t\t\t\t\t\t\t\t\t<h3 class=\"elementor-icon-box-title\">\n\t\t\t\t\t\t<span  >\n\t\t\t\t\t\t\t2017\t\t\t\t\t\t<\/span>\n\t\t\t\t\t<\/h3>\n\t\t\t\t\n\t\t\t\t\t\t\t\t\t<p class=\"elementor-icon-box-description\">\n\t\t\t\t\t\tMit <strong>activeMind.jobs<\/strong> verf\u00fcgen unsere Unternehmen nun \u00fcber ein eigenes Karriereportal. Dort erhalten Studierende und Absolventen Einblicke in die Arbeit mit Datenschutzrecht und Informationssicherheit. Nat\u00fcrlich gibt es auch zahlreiche Stellenangebote. \t\t\t\t\t<\/p>\n\t\t\t\t\n\t\t\t<\/div>\n\t\t\t\n\t\t<\/div>\n\t\t\t\t\t\t<\/div>\n\t\t\t\t<\/div>\n\t\t\t\t<div class=\"elementor-element elementor-element-d99df4f elementor-position-left elementor-view-default elementor-mobile-position-top elementor-widget elementor-widget-icon-box\" data-id=\"d99df4f\" data-element_type=\"widget\" data-widget_type=\"icon-box.default\">\n\t\t\t\t<div class=\"elementor-widget-container\">\n\t\t\t\t\t\t\t<div class=\"elementor-icon-box-wrapper\">\n\n\t\t\t\t\t\t<div class=\"elementor-icon-box-icon\">\n\t\t\t\t<span  class=\"elementor-icon\">\n\t\t\t\t<svg aria-hidden=\"true\" class=\"e-font-icon-svg e-far-circle\" viewBox=\"0 0 512 512\" xmlns=\"http:\/\/www.w3.org\/2000\/svg\"><path d=\"M256 8C119 8 8 119 8 256s111 248 248 248 248-111 248-248S393 8 256 8zm0 448c-110.5 0-200-89.5-200-200S145.5 56 256 56s200 89.5 200 200-89.5 200-200 200z\"><\/path><\/svg>\t\t\t\t<\/span>\n\t\t\t<\/div>\n\t\t\t\n\t\t\t\t\t\t<div class=\"elementor-icon-box-content\">\n\n\t\t\t\t\t\t\t\t\t<h3 class=\"elementor-icon-box-title\">\n\t\t\t\t\t\t<span  >\n\t\t\t\t\t\t\t2016\t\t\t\t\t\t<\/span>\n\t\t\t\t\t<\/h3>\n\t\t\t\t\n\t\t\t\t\t\t\t\t\t<p class=\"elementor-icon-box-description\">\n\t\t\t\t\t\tUm die W\u00fcnsche internationaler Kunden besser bedienen und im Rahmen der kommenden DSGVO individuelle Rechtsberatung leisten zu k\u00f6nnen, entsteht die <strong>Kanzlei activeMind.legal Rechtsanw\u00e4lte<\/strong> in Deutschland. \t\t\t\t\t<\/p>\n\t\t\t\t\n\t\t\t<\/div>\n\t\t\t\n\t\t<\/div>\n\t\t\t\t\t\t<\/div>\n\t\t\t\t<\/div>\n\t\t\t\t<div class=\"elementor-element elementor-element-4293bf9 elementor-position-left elementor-view-default elementor-mobile-position-top elementor-widget elementor-widget-icon-box\" data-id=\"4293bf9\" data-element_type=\"widget\" data-widget_type=\"icon-box.default\">\n\t\t\t\t<div class=\"elementor-widget-container\">\n\t\t\t\t\t\t\t<div class=\"elementor-icon-box-wrapper\">\n\n\t\t\t\t\t\t<div class=\"elementor-icon-box-icon\">\n\t\t\t\t<span  class=\"elementor-icon\">\n\t\t\t\t<svg aria-hidden=\"true\" class=\"e-font-icon-svg e-far-circle\" viewBox=\"0 0 512 512\" xmlns=\"http:\/\/www.w3.org\/2000\/svg\"><path d=\"M256 8C119 8 8 119 8 256s111 248 248 248 248-111 248-248S393 8 256 8zm0 448c-110.5 0-200-89.5-200-200S145.5 56 256 56s200 89.5 200 200-89.5 200-200 200z\"><\/path><\/svg>\t\t\t\t<\/span>\n\t\t\t<\/div>\n\t\t\t\n\t\t\t\t\t\t<div class=\"elementor-icon-box-content\">\n\n\t\t\t\t\t\t\t\t\t<h3 class=\"elementor-icon-box-title\">\n\t\t\t\t\t\t<span  >\n\t\t\t\t\t\t\t2015\t\t\t\t\t\t<\/span>\n\t\t\t\t\t<\/h3>\n\t\t\t\t\n\t\t\t\t\t\t\t\t\t<p class=\"elementor-icon-box-description\">\n\t\t\t\t\t\tDie activeMind AG er\u00f6ffnet das <strong>Berliner B\u00fcro<\/strong>, um die gro\u00dfe Nachfrage nach Datenschutz in der Hauptstadt besser befriedigen zu k\u00f6nnen. \t\t\t\t\t<\/p>\n\t\t\t\t\n\t\t\t<\/div>\n\t\t\t\n\t\t<\/div>\n\t\t\t\t\t\t<\/div>\n\t\t\t\t<\/div>\n\t\t\t\t<div class=\"elementor-element elementor-element-ad2512b elementor-position-left elementor-view-default elementor-mobile-position-top elementor-widget elementor-widget-icon-box\" data-id=\"ad2512b\" data-element_type=\"widget\" data-widget_type=\"icon-box.default\">\n\t\t\t\t<div class=\"elementor-widget-container\">\n\t\t\t\t\t\t\t<div class=\"elementor-icon-box-wrapper\">\n\n\t\t\t\t\t\t<div class=\"elementor-icon-box-icon\">\n\t\t\t\t<span  class=\"elementor-icon\">\n\t\t\t\t<svg aria-hidden=\"true\" class=\"e-font-icon-svg e-far-circle\" viewBox=\"0 0 512 512\" xmlns=\"http:\/\/www.w3.org\/2000\/svg\"><path d=\"M256 8C119 8 8 119 8 256s111 248 248 248 248-111 248-248S393 8 256 8zm0 448c-110.5 0-200-89.5-200-200S145.5 56 256 56s200 89.5 200 200-89.5 200-200 200z\"><\/path><\/svg>\t\t\t\t<\/span>\n\t\t\t<\/div>\n\t\t\t\n\t\t\t\t\t\t<div class=\"elementor-icon-box-content\">\n\n\t\t\t\t\t\t\t\t\t<h3 class=\"elementor-icon-box-title\">\n\t\t\t\t\t\t<span  >\n\t\t\t\t\t\t\t2013\t\t\t\t\t\t<\/span>\n\t\t\t\t\t<\/h3>\n\t\t\t\t\n\t\t\t\t\t\t\t\t\t<p class=\"elementor-icon-box-description\">\n\t\t\t\t\t\tDie activeMind AG stellt erstmals <strong>externe Informationssicherheitsbeauftragte<\/strong> und f\u00fchrt zum Pauschalpreis zum erfolgreichen Zertifizierungs-Audit nach ISO 27001. \t\t\t\t\t<\/p>\n\t\t\t\t\n\t\t\t<\/div>\n\t\t\t\n\t\t<\/div>\n\t\t\t\t\t\t<\/div>\n\t\t\t\t<\/div>\n\t\t\t\t<div class=\"elementor-element elementor-element-135cfdc elementor-position-left elementor-view-default elementor-mobile-position-top elementor-widget elementor-widget-icon-box\" data-id=\"135cfdc\" data-element_type=\"widget\" data-widget_type=\"icon-box.default\">\n\t\t\t\t<div class=\"elementor-widget-container\">\n\t\t\t\t\t\t\t<div class=\"elementor-icon-box-wrapper\">\n\n\t\t\t\t\t\t<div class=\"elementor-icon-box-icon\">\n\t\t\t\t<span  class=\"elementor-icon\">\n\t\t\t\t<svg aria-hidden=\"true\" class=\"e-font-icon-svg e-far-circle\" viewBox=\"0 0 512 512\" xmlns=\"http:\/\/www.w3.org\/2000\/svg\"><path d=\"M256 8C119 8 8 119 8 256s111 248 248 248 248-111 248-248S393 8 256 8zm0 448c-110.5 0-200-89.5-200-200S145.5 56 256 56s200 89.5 200 200-89.5 200-200 200z\"><\/path><\/svg>\t\t\t\t<\/span>\n\t\t\t<\/div>\n\t\t\t\n\t\t\t\t\t\t<div class=\"elementor-icon-box-content\">\n\n\t\t\t\t\t\t\t\t\t<h3 class=\"elementor-icon-box-title\">\n\t\t\t\t\t\t<span  >\n\t\t\t\t\t\t\t2009\t\t\t\t\t\t<\/span>\n\t\t\t\t\t<\/h3>\n\t\t\t\t\n\t\t\t\t\t\t\t\t\t<p class=\"elementor-icon-box-description\">\n\t\t\t\t\t\tDie activeMind AG ber\u00e4t jetzt auch zum <strong>Datenschutz<\/strong> und geh\u00f6rt damit zu den ersten professionellen Anbietern von <strong>externen Datenschutzbeauftragten<\/strong> \u00fcberhaupt. \t\t\t\t\t<\/p>\n\t\t\t\t\n\t\t\t<\/div>\n\t\t\t\n\t\t<\/div>\n\t\t\t\t\t\t<\/div>\n\t\t\t\t<\/div>\n\t\t\t\t<div class=\"elementor-element elementor-element-6573ee1 elementor-position-left elementor-view-default elementor-mobile-position-top elementor-widget elementor-widget-icon-box\" data-id=\"6573ee1\" data-element_type=\"widget\" data-widget_type=\"icon-box.default\">\n\t\t\t\t<div class=\"elementor-widget-container\">\n\t\t\t\t\t\t\t<div class=\"elementor-icon-box-wrapper\">\n\n\t\t\t\t\t\t<div class=\"elementor-icon-box-icon\">\n\t\t\t\t<span  class=\"elementor-icon\">\n\t\t\t\t<svg aria-hidden=\"true\" class=\"e-font-icon-svg e-far-circle\" viewBox=\"0 0 512 512\" xmlns=\"http:\/\/www.w3.org\/2000\/svg\"><path d=\"M256 8C119 8 8 119 8 256s111 248 248 248 248-111 248-248S393 8 256 8zm0 448c-110.5 0-200-89.5-200-200S145.5 56 256 56s200 89.5 200 200-89.5 200-200 200z\"><\/path><\/svg>\t\t\t\t<\/span>\n\t\t\t<\/div>\n\t\t\t\n\t\t\t\t\t\t<div class=\"elementor-icon-box-content\">\n\n\t\t\t\t\t\t\t\t\t<h3 class=\"elementor-icon-box-title\">\n\t\t\t\t\t\t<span  >\n\t\t\t\t\t\t\t2008\t\t\t\t\t\t<\/span>\n\t\t\t\t\t<\/h3>\n\t\t\t\t\n\t\t\t\t\t\t\t\t\t<p class=\"elementor-icon-box-description\">\n\t\t\t\t\t\tWir weiten den Bereich Auditierung stark aus, Pr\u00fcfungen nach <strong>ISO 9001, ISO 27001 und ISO 27001 auf Basis IT-Grundschutz (BSI Grundschutz)<\/strong> sind an der Tagesordnung.\t\t\t\t\t<\/p>\n\t\t\t\t\n\t\t\t<\/div>\n\t\t\t\n\t\t<\/div>\n\t\t\t\t\t\t<\/div>\n\t\t\t\t<\/div>\n\t\t\t\t<div class=\"elementor-element elementor-element-9aabdfc elementor-position-left elementor-view-default elementor-mobile-position-top elementor-widget elementor-widget-icon-box\" data-id=\"9aabdfc\" data-element_type=\"widget\" data-widget_type=\"icon-box.default\">\n\t\t\t\t<div class=\"elementor-widget-container\">\n\t\t\t\t\t\t\t<div class=\"elementor-icon-box-wrapper\">\n\n\t\t\t\t\t\t<div class=\"elementor-icon-box-icon\">\n\t\t\t\t<span  class=\"elementor-icon\">\n\t\t\t\t<svg aria-hidden=\"true\" class=\"e-font-icon-svg e-far-circle\" viewBox=\"0 0 512 512\" xmlns=\"http:\/\/www.w3.org\/2000\/svg\"><path d=\"M256 8C119 8 8 119 8 256s111 248 248 248 248-111 248-248S393 8 256 8zm0 448c-110.5 0-200-89.5-200-200S145.5 56 256 56s200 89.5 200 200-89.5 200-200 200z\"><\/path><\/svg>\t\t\t\t<\/span>\n\t\t\t<\/div>\n\t\t\t\n\t\t\t\t\t\t<div class=\"elementor-icon-box-content\">\n\n\t\t\t\t\t\t\t\t\t<h3 class=\"elementor-icon-box-title\">\n\t\t\t\t\t\t<span  >\n\t\t\t\t\t\t\t2005\t\t\t\t\t\t<\/span>\n\t\t\t\t\t<\/h3>\n\t\t\t\t\n\t\t\t\t\t\t\t\t\t<p class=\"elementor-icon-box-description\">\n\t\t\t\t\t\tExperten der activeMind AG schulen jetzt auch regelm\u00e4\u00dfig bei der <strong>IHK M\u00fcnchen<\/strong>. Zudem f\u00fchren wir Unternehmen erstmals zum Festpreis zur erfolgreichen Zertifizierung des <strong>Qualit\u00e4tsmanagements (IS0 9001)<\/strong>.\t\t\t\t\t<\/p>\n\t\t\t\t\n\t\t\t<\/div>\n\t\t\t\n\t\t<\/div>\n\t\t\t\t\t\t<\/div>\n\t\t\t\t<\/div>\n\t\t\t\t<div class=\"elementor-element elementor-element-b2d50d7 elementor-position-left elementor-view-default elementor-mobile-position-top elementor-widget elementor-widget-icon-box\" data-id=\"b2d50d7\" data-element_type=\"widget\" data-widget_type=\"icon-box.default\">\n\t\t\t\t<div class=\"elementor-widget-container\">\n\t\t\t\t\t\t\t<div class=\"elementor-icon-box-wrapper\">\n\n\t\t\t\t\t\t<div class=\"elementor-icon-box-icon\">\n\t\t\t\t<span  class=\"elementor-icon\">\n\t\t\t\t<svg aria-hidden=\"true\" class=\"e-font-icon-svg e-far-circle\" viewBox=\"0 0 512 512\" xmlns=\"http:\/\/www.w3.org\/2000\/svg\"><path d=\"M256 8C119 8 8 119 8 256s111 248 248 248 248-111 248-248S393 8 256 8zm0 448c-110.5 0-200-89.5-200-200S145.5 56 256 56s200 89.5 200 200-89.5 200-200 200z\"><\/path><\/svg>\t\t\t\t<\/span>\n\t\t\t<\/div>\n\t\t\t\n\t\t\t\t\t\t<div class=\"elementor-icon-box-content\">\n\n\t\t\t\t\t\t\t\t\t<h3 class=\"elementor-icon-box-title\">\n\t\t\t\t\t\t<span  >\n\t\t\t\t\t\t\t2000\t\t\t\t\t\t<\/span>\n\t\t\t\t\t<\/h3>\n\t\t\t\t\n\t\t\t\t\t\t\t\t\t<p class=\"elementor-icon-box-description\">\n\t\t\t\t\t\tKlaus Foitzick gr\u00fcndet die <strong>activeMind AG Management- und Technologieberatung<\/strong> in M\u00fcnchen als Beratungs- und Schulungsunternehmen im Bereich Informationssicherheit. \t\t\t\t\t<\/p>\n\t\t\t\t\n\t\t\t<\/div>\n\t\t\t\n\t\t<\/div>\n\t\t\t\t\t\t<\/div>\n\t\t\t\t<\/div>\n\t\t\t\t\t<\/div>\n\t\t<\/div>\n\t\t\t\t\t<\/div>\n\t\t<\/section>\n\t\t\t\t\t<\/div>\n\t\t<\/div>\n\t\t\t\t\t<\/div>\n\t\t<\/section>\n\t\t\t\t<\/div>\n\t\t","protected":false},"excerpt":{"rendered":"<p>activeMind.legal Rechtsanw\u00e4lte unterst\u00fctzt Konzerne und Unternehmen aus aller Welt bei der Umsetzung des Datenschutzrechts. Mit Standorten und Partnerunternehmen in Deutschland, Gro\u00dfbritannien und der Schweiz ist unsere Kanzlei konsequent europ\u00e4isch aufgestellt. <\/p>\n","protected":false},"author":1,"featured_media":0,"parent":0,"menu_order":0,"comment_status":"closed","ping_status":"closed","template":"","meta":{"_acf_changed":false,"footnotes":""},"categories":[],"class_list":["post-1126","page","type-page","status-publish","hentry"],"acf":[],"yoast_head":"<!-- This site is optimized with the Yoast SEO plugin v27.3 - https:\/\/yoast.com\/product\/yoast-seo-wordpress\/ -->\n<title>Die Kanzlei activeMind.legal Rechtsanw\u00e4lte | activeMind.legal<\/title>\n<meta name=\"description\" content=\"activeMind.legal Rechtsanw\u00e4lte ist eine auf Datenschutz, IT und Compliance spezialisierte Kanzlei. Erfahren Sie mehr \u00fcber unsere Werte\" \/>\n<meta name=\"robots\" content=\"index, follow, max-snippet:-1, max-image-preview:large, max-video-preview:-1\" \/>\n<link rel=\"canonical\" href=\"https:\/\/www.activemind.legal\/de\/kanzlei\/\" \/>\n<meta property=\"og:locale\" content=\"de_DE\" \/>\n<meta property=\"og:type\" content=\"article\" \/>\n<meta property=\"og:title\" content=\"Die Kanzlei activeMind.legal Rechtsanw\u00e4lte | activeMind.legal\" \/>\n<meta property=\"og:description\" content=\"activeMind.legal Rechtsanw\u00e4lte ist eine auf Datenschutz, IT und Compliance spezialisierte Kanzlei. Erfahren Sie mehr \u00fcber unsere Werte\" \/>\n<meta property=\"og:url\" content=\"https:\/\/www.activemind.legal\/de\/kanzlei\/\" \/>\n<meta property=\"og:site_name\" content=\"activeMind.legal\" \/>\n<meta property=\"article:modified_time\" content=\"2026-03-20T14:41:20+00:00\" \/>\n<meta property=\"og:image\" content=\"https:\/\/storage.activemind.legal\/wp-am-legal-cdn\/wp-content\/uploads\/activemind-mitarbeiter-09_quadrat.jpg\" \/>\n<meta name=\"twitter:card\" content=\"summary_large_image\" \/>\n<meta name=\"twitter:label1\" content=\"Est. reading time\" \/>\n\t<meta name=\"twitter:data1\" content=\"4 minutes\" \/>\n<script type=\"application\/ld+json\" class=\"yoast-schema-graph\">{\"@context\":\"https:\\\/\\\/schema.org\",\"@graph\":[{\"@type\":\"WebPage\",\"@id\":\"https:\\\/\\\/www.activemind.legal\\\/de\\\/kanzlei\\\/\",\"url\":\"https:\\\/\\\/www.activemind.legal\\\/de\\\/kanzlei\\\/\",\"name\":\"Die Kanzlei activeMind.legal Rechtsanw\u00e4lte | activeMind.legal\",\"isPartOf\":{\"@id\":\"https:\\\/\\\/www.activemind.legal\\\/de\\\/#website\"},\"primaryImageOfPage\":{\"@id\":\"https:\\\/\\\/www.activemind.legal\\\/de\\\/kanzlei\\\/#primaryimage\"},\"image\":{\"@id\":\"https:\\\/\\\/www.activemind.legal\\\/de\\\/kanzlei\\\/#primaryimage\"},\"thumbnailUrl\":\"https:\\\/\\\/storage.activemind.legal\\\/wp-am-legal-cdn\\\/wp-content\\\/uploads\\\/activemind-mitarbeiter-09_quadrat.jpg\",\"datePublished\":\"2022-07-21T09:31:02+00:00\",\"dateModified\":\"2026-03-20T14:41:20+00:00\",\"description\":\"activeMind.legal Rechtsanw\u00e4lte ist eine auf Datenschutz, IT und Compliance spezialisierte Kanzlei. Erfahren Sie mehr \u00fcber unsere Werte\",\"breadcrumb\":{\"@id\":\"https:\\\/\\\/www.activemind.legal\\\/de\\\/kanzlei\\\/#breadcrumb\"},\"inLanguage\":\"de-DE\",\"potentialAction\":[{\"@type\":\"ReadAction\",\"target\":[\"https:\\\/\\\/www.activemind.legal\\\/de\\\/kanzlei\\\/\"]}]},{\"@type\":\"ImageObject\",\"inLanguage\":\"de-DE\",\"@id\":\"https:\\\/\\\/www.activemind.legal\\\/de\\\/kanzlei\\\/#primaryimage\",\"url\":\"https:\\\/\\\/storage.activemind.legal\\\/wp-am-legal-cdn\\\/wp-content\\\/uploads\\\/activemind-mitarbeiter-09_quadrat.jpg\",\"contentUrl\":\"https:\\\/\\\/storage.activemind.legal\\\/wp-am-legal-cdn\\\/wp-content\\\/uploads\\\/activemind-mitarbeiter-09_quadrat.jpg\"},{\"@type\":\"BreadcrumbList\",\"@id\":\"https:\\\/\\\/www.activemind.legal\\\/de\\\/kanzlei\\\/#breadcrumb\",\"itemListElement\":[{\"@type\":\"ListItem\",\"position\":1,\"name\":\"Home\",\"item\":\"https:\\\/\\\/www.activemind.legal\\\/de\\\/\"},{\"@type\":\"ListItem\",\"position\":2,\"name\":\"\u00dcber uns\"}]},{\"@type\":\"WebSite\",\"@id\":\"https:\\\/\\\/www.activemind.legal\\\/de\\\/#website\",\"url\":\"https:\\\/\\\/www.activemind.legal\\\/de\\\/\",\"name\":\"activeMind.legal\",\"description\":\"\",\"publisher\":{\"@id\":\"https:\\\/\\\/www.activemind.legal\\\/de\\\/#organization\"},\"potentialAction\":[{\"@type\":\"SearchAction\",\"target\":{\"@type\":\"EntryPoint\",\"urlTemplate\":\"https:\\\/\\\/www.activemind.legal\\\/de\\\/?s={search_term_string}\"},\"query-input\":{\"@type\":\"PropertyValueSpecification\",\"valueRequired\":true,\"valueName\":\"search_term_string\"}}],\"inLanguage\":\"de-DE\"},{\"@type\":\"Organization\",\"@id\":\"https:\\\/\\\/www.activemind.legal\\\/de\\\/#organization\",\"name\":\"activeMind.legal\",\"alternateName\":\"activeMind.legal Rechtsanwaltsgesellschaft mbH\",\"url\":\"https:\\\/\\\/www.activemind.legal\\\/de\\\/\",\"logo\":{\"@type\":\"ImageObject\",\"inLanguage\":\"de-DE\",\"@id\":\"https:\\\/\\\/www.activemind.legal\\\/de\\\/#\\\/schema\\\/logo\\\/image\\\/\",\"url\":\"https:\\\/\\\/www.activemind.legal\\\/wp-content\\\/uploads\\\/activeMind-legal_logo.svg\",\"contentUrl\":\"https:\\\/\\\/www.activemind.legal\\\/wp-content\\\/uploads\\\/activeMind-legal_logo.svg\",\"caption\":\"activeMind.legal\"},\"image\":{\"@id\":\"https:\\\/\\\/www.activemind.legal\\\/de\\\/#\\\/schema\\\/logo\\\/image\\\/\"}}]}<\/script>\n<!-- \/ Yoast SEO plugin. -->","yoast_head_json":{"title":"Die Kanzlei activeMind.legal Rechtsanw\u00e4lte | activeMind.legal","description":"activeMind.legal Rechtsanw\u00e4lte ist eine auf Datenschutz, IT und Compliance spezialisierte Kanzlei. Erfahren Sie mehr \u00fcber unsere Werte","robots":{"index":"index","follow":"follow","max-snippet":"max-snippet:-1","max-image-preview":"max-image-preview:large","max-video-preview":"max-video-preview:-1"},"canonical":"https:\/\/www.activemind.legal\/de\/kanzlei\/","og_locale":"de_DE","og_type":"article","og_title":"Die Kanzlei activeMind.legal Rechtsanw\u00e4lte | activeMind.legal","og_description":"activeMind.legal Rechtsanw\u00e4lte ist eine auf Datenschutz, IT und Compliance spezialisierte Kanzlei. Erfahren Sie mehr \u00fcber unsere Werte","og_url":"https:\/\/www.activemind.legal\/de\/kanzlei\/","og_site_name":"activeMind.legal","article_modified_time":"2026-03-20T14:41:20+00:00","og_image":[{"url":"https:\/\/storage.activemind.legal\/wp-am-legal-cdn\/wp-content\/uploads\/activemind-mitarbeiter-09_quadrat.jpg","type":"","width":"","height":""}],"twitter_card":"summary_large_image","twitter_misc":{"Est. reading time":"4 minutes"},"schema":{"@context":"https:\/\/schema.org","@graph":[{"@type":"WebPage","@id":"https:\/\/www.activemind.legal\/de\/kanzlei\/","url":"https:\/\/www.activemind.legal\/de\/kanzlei\/","name":"Die Kanzlei activeMind.legal Rechtsanw\u00e4lte | activeMind.legal","isPartOf":{"@id":"https:\/\/www.activemind.legal\/de\/#website"},"primaryImageOfPage":{"@id":"https:\/\/www.activemind.legal\/de\/kanzlei\/#primaryimage"},"image":{"@id":"https:\/\/www.activemind.legal\/de\/kanzlei\/#primaryimage"},"thumbnailUrl":"https:\/\/storage.activemind.legal\/wp-am-legal-cdn\/wp-content\/uploads\/activemind-mitarbeiter-09_quadrat.jpg","datePublished":"2022-07-21T09:31:02+00:00","dateModified":"2026-03-20T14:41:20+00:00","description":"activeMind.legal Rechtsanw\u00e4lte ist eine auf Datenschutz, IT und Compliance spezialisierte Kanzlei. Erfahren Sie mehr \u00fcber unsere Werte","breadcrumb":{"@id":"https:\/\/www.activemind.legal\/de\/kanzlei\/#breadcrumb"},"inLanguage":"de-DE","potentialAction":[{"@type":"ReadAction","target":["https:\/\/www.activemind.legal\/de\/kanzlei\/"]}]},{"@type":"ImageObject","inLanguage":"de-DE","@id":"https:\/\/www.activemind.legal\/de\/kanzlei\/#primaryimage","url":"https:\/\/storage.activemind.legal\/wp-am-legal-cdn\/wp-content\/uploads\/activemind-mitarbeiter-09_quadrat.jpg","contentUrl":"https:\/\/storage.activemind.legal\/wp-am-legal-cdn\/wp-content\/uploads\/activemind-mitarbeiter-09_quadrat.jpg"},{"@type":"BreadcrumbList","@id":"https:\/\/www.activemind.legal\/de\/kanzlei\/#breadcrumb","itemListElement":[{"@type":"ListItem","position":1,"name":"Home","item":"https:\/\/www.activemind.legal\/de\/"},{"@type":"ListItem","position":2,"name":"\u00dcber uns"}]},{"@type":"WebSite","@id":"https:\/\/www.activemind.legal\/de\/#website","url":"https:\/\/www.activemind.legal\/de\/","name":"activeMind.legal","description":"","publisher":{"@id":"https:\/\/www.activemind.legal\/de\/#organization"},"potentialAction":[{"@type":"SearchAction","target":{"@type":"EntryPoint","urlTemplate":"https:\/\/www.activemind.legal\/de\/?s={search_term_string}"},"query-input":{"@type":"PropertyValueSpecification","valueRequired":true,"valueName":"search_term_string"}}],"inLanguage":"de-DE"},{"@type":"Organization","@id":"https:\/\/www.activemind.legal\/de\/#organization","name":"activeMind.legal","alternateName":"activeMind.legal Rechtsanwaltsgesellschaft mbH","url":"https:\/\/www.activemind.legal\/de\/","logo":{"@type":"ImageObject","inLanguage":"de-DE","@id":"https:\/\/www.activemind.legal\/de\/#\/schema\/logo\/image\/","url":"https:\/\/www.activemind.legal\/wp-content\/uploads\/activeMind-legal_logo.svg","contentUrl":"https:\/\/www.activemind.legal\/wp-content\/uploads\/activeMind-legal_logo.svg","caption":"activeMind.legal"},"image":{"@id":"https:\/\/www.activemind.legal\/de\/#\/schema\/logo\/image\/"}}]}},"_links":{"self":[{"href":"https:\/\/www.activemind.legal\/de\/wp-json\/wp\/v2\/pages\/1126","targetHints":{"allow":["GET"]}}],"collection":[{"href":"https:\/\/www.activemind.legal\/de\/wp-json\/wp\/v2\/pages"}],"about":[{"href":"https:\/\/www.activemind.legal\/de\/wp-json\/wp\/v2\/types\/page"}],"author":[{"embeddable":true,"href":"https:\/\/www.activemind.legal\/de\/wp-json\/wp\/v2\/users\/1"}],"replies":[{"embeddable":true,"href":"https:\/\/www.activemind.legal\/de\/wp-json\/wp\/v2\/comments?post=1126"}],"version-history":[{"count":5,"href":"https:\/\/www.activemind.legal\/de\/wp-json\/wp\/v2\/pages\/1126\/revisions"}],"predecessor-version":[{"id":23663,"href":"https:\/\/www.activemind.legal\/de\/wp-json\/wp\/v2\/pages\/1126\/revisions\/23663"}],"wp:attachment":[{"href":"https:\/\/www.activemind.legal\/de\/wp-json\/wp\/v2\/media?parent=1126"}],"wp:term":[{"taxonomy":"category","embeddable":true,"href":"https:\/\/www.activemind.legal\/de\/wp-json\/wp\/v2\/categories?post=1126"}],"curies":[{"name":"wp","href":"https:\/\/api.w.org\/{rel}","templated":true}]}}